{"id":12391,"date":"2026-02-21T12:32:18","date_gmt":"2026-02-21T11:32:18","guid":{"rendered":"https:\/\/staging.ljubljanapride.org\/?page_id=12391"},"modified":"2026-08-31T14:11:26","modified_gmt":"2026-08-31T12:11:26","slug":"youth-programme","status":"publish","type":"page","link":"https:\/\/staging.ljubljanapride.org\/en\/programmes\/youth-programme\/","title":{"rendered":"Youth Programme"},"content":{"rendered":"\n<div class=\"wp-block-group alignfull is-layout-constrained wp-block-group-is-layout-constrained\">\n<div class=\"wp-block-group is-layout-constrained wp-container-core-group-is-layout-9512598a wp-block-group-is-layout-constrained\" style=\"margin-top:0;margin-bottom:0;padding-top:0;padding-right:var(--wp--preset--spacing--xxl);padding-bottom:0;padding-left:var(--wp--preset--spacing--xxl)\">\n<figure class=\"wp-block-image alignfull size-full is-style-default\"><img loading=\"lazy\" decoding=\"async\" width=\"2500\" height=\"1250\" src=\"https:\/\/staging.ljubljanapride.org\/wp-content\/uploads\/2026\/08\/youth-programme-banner.jpg\" alt=\"\" class=\"wp-image-14532\" srcset=\"https:\/\/staging.ljubljanapride.org\/wp-content\/uploads\/2026\/08\/youth-programme-banner.jpg 2500w, https:\/\/staging.ljubljanapride.org\/wp-content\/uploads\/2026\/08\/youth-programme-banner-768x384.jpg 768w, https:\/\/staging.ljubljanapride.org\/wp-content\/uploads\/2026\/08\/youth-programme-banner-1920x960.jpg 1920w, https:\/\/staging.ljubljanapride.org\/wp-content\/uploads\/2026\/08\/youth-programme-banner-1536x768.jpg 1536w, https:\/\/staging.ljubljanapride.org\/wp-content\/uploads\/2026\/08\/youth-programme-banner-2048x1024.jpg 2048w\" sizes=\"auto, (max-width: 2500px) 100vw, 2500px\" \/><\/figure>\n<\/div>\n\n\n\n<div class=\"wp-block-group alignfull is-layout-constrained wp-container-core-group-is-layout-e89138ec wp-block-group-is-layout-constrained\" style=\"margin-top:0px;margin-bottom:0px;padding-top:0;padding-right:0;padding-bottom:0;padding-left:0\">\n<div class=\"wp-block-group is-layout-constrained wp-container-core-group-is-layout-d178a3d3 wp-block-group-is-layout-constrained\" style=\"padding-top:var(--wp--preset--spacing--xl);padding-right:var(--wp--preset--spacing--m);padding-bottom:var(--wp--preset--spacing--m);padding-left:var(--wp--preset--spacing--m)\">\n<p class=\"has-text-align-left wp-block-paragraph\">Mladinski program Dru\u0161tva Parada ponosa je prostor za LGBTIQ+ mlade, kjer se povezujemo, u\u010dimo, organiziramo dogodke in skupaj soustvarjamo dru\u017ebene spremembe. Program temelji na vrstni\u0161kem izobra\u017eevanju, skupnostnem povezovanju in aktivnem dr\u017eavljanstvu, mladim pa ponuja prilo\u017enosti za opolnomo\u010denje, izra\u017eanje in sodelovanje na lokalni, nacionalni in mednarodni ravni<strong>.<\/strong><\/p>\n\n\n\n<p class=\"has-text-align-left wp-block-paragraph\">V sredi\u0161\u010du programa je Mavri\u010dna mre\u017ea \u2013 skupina vrstni\u0161kih izobra\u017eevalk_cev in mladih aktivistk_ov, ki soustvarjajo aktivnosti, delavnice, intervencije in kampanje za LGBTIQ+ mlade. Program spodbuja vklju\u010devanje mladih v na\u010drtovanje in izvedbo projektov ter jim omogo\u010da, da razvijajo znanja, kompetence in samozavest za delovanje v skupnosti in \u0161ir\u0161i dru\u017ebi.<\/p>\n\n\n\n<p class=\"has-text-align-left wp-block-paragraph\">Poudarek dajemo varnim in neformalnim prostorom za dru\u017eenje, kot so Kofetkanja in \u0160pajze, kjer se mladi lahko povezujejo brez pritiska, delijo izku\u0161nje in gradijo skupnost. Program aktivno naslavlja aktualne dru\u017ebene teme, kot so prekarnost, podnebna pravi\u010dnost, feminizem, demokracija in politi\u010dna participacija LGBTIQ+ mladih.<\/p>\n\n\n\n<p class=\"has-text-align-left wp-block-paragraph\">Mladinski program je tudi glas LGBTIQ+ mladih v mladinskem sektorju. Zavzemamo se za njihovo vidnost, pravice in potrebe, sodelujemo z drugimi mladinskimi in LGBTIQ+ organizacijami v Sloveniji in \u0161ir\u0161e. S trajnostnimi pristopi in dolgoro\u010dnim razmi\u0161ljanjem gradimo program, ki je odziven, vklju\u010dujo\u010d in tesno povezan z realnostjo kvir mladih danes.<\/p>\n<\/div>\n\n\n\n<div class=\"wp-block-group is-nowrap is-layout-flex wp-container-core-group-is-layout-bffc9fcb wp-block-group-is-layout-flex\" style=\"padding-top:var(--wp--preset--spacing--m);padding-right:var(--wp--preset--spacing--s);padding-bottom:var(--wp--preset--spacing--m);padding-left:var(--wp--preset--spacing--s)\">\n<hr class=\"wp-block-separator has-alpha-channel-opacity is-style-wide wp-container-content-9cfa9a5a\"\/>\n\n\n\n<figure class=\"wp-block-image aligncenter size-full is-resized x-icon-figure is-style-default\" style=\"margin-top:-28px;margin-bottom:-28px\"><img loading=\"lazy\" decoding=\"async\" width=\"24\" height=\"24\" src=\"https:\/\/staging.ljubljanapride.org\/wp-content\/uploads\/2026\/02\/document-add-svgrepo-com.svg\" alt=\"\" class=\"wp-image-13599\" style=\"width:36px;height:auto\"\/><\/figure>\n\n\n\n<hr class=\"wp-block-separator has-alpha-channel-opacity is-style-wide wp-container-content-9cfa9a5a\"\/>\n<\/div>\n\n\n\n<div class=\"wp-block-group is-layout-constrained wp-container-core-group-is-layout-3c52668a wp-block-group-is-layout-constrained\" style=\"padding-right:var(--wp--preset--spacing--m);padding-bottom:var(--wp--preset--spacing--xxl);padding-left:var(--wp--preset--spacing--m)\">\n<h3 class=\"wp-block-heading has-text-align-center\">Projects<\/h3>\n\n\n\n<div class=\"wp-block-group is-layout-constrained wp-block-group-is-layout-constrained\" style=\"padding-top:var(--wp--preset--spacing--xs);padding-bottom:var(--wp--preset--spacing--xs)\">\n<div class=\"wp-block-group has-border-color has-custom-svetla-notranja-background-color has-background is-layout-constrained wp-container-core-group-is-layout-000f6b68 wp-block-group-is-layout-constrained\" style=\"border-color:#c02a69;border-width:0.2em;border-top-left-radius:10px;border-top-right-radius:10px;border-bottom-left-radius:10px;border-bottom-right-radius:10px;padding-top:var(--wp--preset--spacing--s);padding-right:var(--wp--preset--spacing--s);padding-bottom:var(--wp--preset--spacing--s);padding-left:var(--wp--preset--spacing--s);box-shadow:var(--wp--preset--shadow--shadow-2)\">\n<details class=\"wp-block-details is-layout-flow wp-block-details-is-layout-flow\"><summary><strong>Solidarni Balqan<\/strong><\/summary>\n<p class=\"wp-block-paragraph\"><strong>Polni naziv projekta: <\/strong>Solidarni Balqan &#8211; Gradimo kvir mostove<br><strong>Trajanje projekta: <\/strong>1. 8. 2025. &#8211; 31. 12. 2026.<\/p>\n\n\n\n<p class=\"wp-block-paragraph\">Projekt je namenjen LGBTIQ+ mladim s poreklom iz dr\u017eav Zahodnega Balkana, ki \u017eivijo v Sloveniji, ter krepitvi solidarnosti in povezovanja znotraj \u0161ir\u0161e LGBTIQ+ skupnosti. Izhaja iz dejstva, da veliko mladih iz Balkana v Sloveniji \u0161e vedno do\u017eivlja diskriminacijo, izklju\u010devanje in ob\u010dutek nepovezanosti \u2013 tako v \u0161ir\u0161i dru\u017ebi kot tudi znotraj LGBTIQ+ prostorov.<\/p>\n\n\n\n<p class=\"wp-block-paragraph\">Projekt ustvarja varne in podporne prostore, kjer se lahko mladi povezujejo, delijo izku\u0161nje migracije, razkritja, \u017eivljenja \u201cmed kulturami\u201d ter krepijo samozavest in ob\u010dutek pripadnosti. Poseben poudarek je na premagovanju stigme, notranjih predsodkov in izolacije ter na gradnji novih skupnostnih vezi.<\/p>\n\n\n\n<p class=\"wp-block-paragraph\">Skozi projekt spodbujamo tudi ve\u010djo dru\u017ebeno in politi\u010dno vklju\u010denost LGBTIQ+ mladih iz Balkana \u2013 od odzivanja na diskriminacijo in sovra\u017eni govor do sodelovanja na volitvah, protestih in drugih oblikah aktivizma. Projekt povezuje slovensko LGBTIQ+ skupnost z boji za \u010dlovekove pravice v regiji Zahodnega Balkana ter odpira prostor za u\u010denje, izmenjavo in solidarnost \u010dez meje.<\/p>\n\n\n\n<p class=\"wp-block-paragraph\">Glavne aktivnosti projekta vklju\u010dujejo neformalna dru\u017eenja (\u0160pajze), delavnice, vrstni\u0161ke intervencije ter mednarodno povezovanje z LGBTIQ+ organizacijami iz regije.<\/p>\n\n\n\n<p class=\"wp-block-paragraph\">Projekt poteka znotraj okvira Erasmus+ projektov Aktivnosti udejstvovanja mladih in je financiran s strani Evropske unije.<\/p>\n\n\n\n<div class=\"wp-block-group is-content-justification-center is-nowrap is-layout-flex wp-container-core-group-is-layout-f56f9fcf wp-block-group-is-layout-flex\">\n<div class=\"wp-block-group is-content-justification-left is-layout-constrained wp-container-core-group-is-layout-54d22900 wp-block-group-is-layout-constrained\">\n<figure class=\"wp-block-image size-full is-resized\"><img decoding=\"async\" width=\"1167\" height=\"467\" fetchpriority=\"low\" src=\"https:\/\/staging.ljubljanapride.org\/wp-content\/uploads\/2026\/07\/financira-eu-logo-c-1.png\" alt=\"\" class=\"wp-image-13231\" style=\"width:auto;height:60px\" srcset=\"https:\/\/staging.ljubljanapride.org\/wp-content\/uploads\/2026\/07\/financira-eu-logo-c-1.png 1167w, https:\/\/staging.ljubljanapride.org\/wp-content\/uploads\/2026\/07\/financira-eu-logo-c-1-768x307.png 768w\" sizes=\"(max-width: 1167px) 100vw, 1167px\" \/><\/figure>\n<\/div>\n<\/div>\n<\/details>\n<\/div>\n\n\n\n<div class=\"wp-block-group has-border-color has-custom-svetla-notranja-background-color has-background is-layout-constrained wp-container-core-group-is-layout-000f6b68 wp-block-group-is-layout-constrained\" style=\"border-color:#c02a69;border-width:0.2em;border-top-left-radius:10px;border-top-right-radius:10px;border-bottom-left-radius:10px;border-bottom-right-radius:10px;padding-top:var(--wp--preset--spacing--s);padding-right:var(--wp--preset--spacing--s);padding-bottom:var(--wp--preset--spacing--s);padding-left:var(--wp--preset--spacing--s);box-shadow:var(--wp--preset--shadow--shadow-2)\">\n<details class=\"wp-block-details is-layout-flow wp-block-details-is-layout-flow\"><summary><strong>Z mladinskim delom proti prekarnosti mladih<\/strong><\/summary>\n<p class=\"wp-block-paragraph\"><strong>Polni naziv projekta:<\/strong> Z mladinskim delom proti prekarnosti mladih \u2013 pilotni projekt \u2013 Dru\u0161tvo Parada ponosa <br><strong>Trajanje projekta:<\/strong> 1. 6. 2024 \u2013 31. 12. 2026<\/p>\n\n\n\n<p class=\"wp-block-paragraph\"><strong>Vrednost projekta:<\/strong> 87.060,40 EUR<br><strong>EU sofinanciranje:<\/strong> 34.824,16 EUR<\/p>\n\n\n\n<p class=\"wp-block-paragraph\"><strong>Opis projekta, namen in cilji:<\/strong><\/p>\n\n\n\n<p class=\"wp-block-paragraph\">Projekt <em>Z mladinskim delom proti prekarnosti mladih<\/em> naslavlja eno klju\u010dnih te\u017eav, s katerimi se soo\u010dajo mladi danes \u2013 negotove, nestabilne in pogosto izkori\u0161\u010devalske oblike dela. Posebno pozornost namenja LGBTIQ+ mladim, ki so zaradi diskriminacije, manj\u0161inskega stresa in drugih strukturnih neenakosti na trgu dela pogosto \u0161e bolj izpostavljeni prekarnosti.<\/p>\n\n\n\n<p class=\"wp-block-paragraph\">V obdobju med letoma 2024 in 2026 izvajamo delavnice, namenjene ozave\u0161\u010danju o prekarnem delu, razumevanju trga delovne sile ter opolnomo\u010denju mladih za varnej\u0161i in bolj informiran vstop v svet dela. Vsebina delavnic med drugim vklju\u010duje:<\/p>\n\n\n\n<ul class=\"wp-block-list\">\n<li>prepoznavanje prekarnih zaposlitev in tveganj, ki jih prina\u0161ajo,<\/li>\n\n\n\n<li>osnovno razumevanje delavskih pravic in obveznosti ter orientacijo po Zakonu o delovnih razmerjih (ZDR-1),<\/li>\n\n\n\n<li>prepoznavanje in naslavljanje diskriminatornih praks na delovnem mestu,<\/li>\n\n\n\n<li>pripravo \u017eivljenjepisa in pripravo na zaposlitveni razgovor,<\/li>\n\n\n\n<li>osnove samozaposlitve (s. p.), pla\u010devanje prispevkov in dav\u010dne obveznosti.<\/li>\n<\/ul>\n\n\n\n<p class=\"wp-block-paragraph\">Poleg skupinskih aktivnosti projekt v letih 2025 in 2026 vklju\u010duje tudi individualna svetovanja za mlade, ki potrebujejo podporo pri iskanju zaposlitve, razumevanju pla\u010dilnih list, prijavah na Zavod RS za zaposlovanje ali pri drugih vpra\u0161anjih, povezanih z delom. Posebej \u017eelimo dose\u010di LGBTIQ+ osebe, ki se soo\u010dajo z ve\u010dplastnimi izzivi, kot so brezdomstvo, migracijski status, te\u017eave z du\u0161evnim zdravjem ali druge oblike socialne izklju\u010denosti. Projekt je sicer odprt za vse, ki potrebujejo pomo\u010d ali informacije na tem podro\u010dju.<\/p>\n\n\n\n<p class=\"wp-block-paragraph\">V projekt bomo v letih 2024-2026 vklju\u010dile_i vsaj 150 mladih LGBTIQ+ oseb.<\/p>\n\n\n\n<p class=\"wp-block-paragraph\">Za individualna svetovanja in dodatne informacije o projektu se lahko obrnete na Evana Rodija, nadomestnega vodjo pilotnega projekta <em>Z mladinskim delom proti prekarnosti mladih<\/em>, na e-naslov: <a href=\"mailto:evan@ljubljanapride.org\">evan@ljubljanapride.org<\/a><\/p>\n\n\n\n<p class=\"wp-block-paragraph\">Projekt sofinancira EU.<\/p>\n\n\n\n<div class=\"wp-block-group is-content-justification-center is-nowrap is-layout-flex wp-container-core-group-is-layout-f56f9fcf wp-block-group-is-layout-flex\">\n<div class=\"wp-block-group is-content-justification-center is-layout-flex wp-container-core-group-is-layout-f701c062 wp-block-group-is-layout-flex\">\n<figure class=\"wp-block-image size-large is-resized\"><img decoding=\"async\" width=\"1920\" height=\"507\" fetchpriority=\"low\" src=\"https:\/\/staging.ljubljanapride.org\/wp-content\/uploads\/2026\/04\/SL_Co-fundedbytheEU_RGB_Monochrome-1920x507.png\" alt=\"\" class=\"wp-image-12914\" style=\"aspect-ratio:3.7871075608396803;width:160px;height:auto\" srcset=\"https:\/\/staging.ljubljanapride.org\/wp-content\/uploads\/2026\/04\/SL_Co-fundedbytheEU_RGB_Monochrome-1920x507.png 1920w, https:\/\/staging.ljubljanapride.org\/wp-content\/uploads\/2026\/04\/SL_Co-fundedbytheEU_RGB_Monochrome-768x203.png 768w, https:\/\/staging.ljubljanapride.org\/wp-content\/uploads\/2026\/04\/SL_Co-fundedbytheEU_RGB_Monochrome-1536x405.png 1536w, https:\/\/staging.ljubljanapride.org\/wp-content\/uploads\/2026\/04\/SL_Co-fundedbytheEU_RGB_Monochrome-2048x540.png 2048w\" sizes=\"(max-width: 1920px) 100vw, 1920px\" \/><\/figure>\n\n\n\n<figure class=\"wp-block-image size-full is-resized\"><img decoding=\"async\" width=\"400\" height=\"250\" fetchpriority=\"low\" src=\"https:\/\/staging.ljubljanapride.org\/wp-content\/uploads\/2026\/07\/Copy-of-ifeelslovenia-logo-400.png\" alt=\"\" class=\"wp-image-13229\" style=\"width:147px;height:auto\"\/><\/figure>\n<\/div>\n<\/div>\n<\/details>\n<\/div>\n\n\n\n<div class=\"wp-block-group has-border-color has-custom-svetla-notranja-background-color has-background is-layout-constrained wp-container-core-group-is-layout-000f6b68 wp-block-group-is-layout-constrained\" style=\"border-color:#c02a69;border-width:0.2em;border-top-left-radius:10px;border-top-right-radius:10px;border-bottom-left-radius:10px;border-bottom-right-radius:10px;padding-top:var(--wp--preset--spacing--s);padding-right:var(--wp--preset--spacing--s);padding-bottom:var(--wp--preset--spacing--s);padding-left:var(--wp--preset--spacing--s);box-shadow:var(--wp--preset--shadow--shadow-2)\">\n<details class=\"wp-block-details is-layout-flow wp-block-details-is-layout-flow\"><summary><strong>Queering the Green, Greening the Queer<\/strong><\/summary>\n<p class=\"wp-block-paragraph\"><strong>Polni naziv projekta: <\/strong>Greening the Queer and Queering the Green &#8211; Sustainable Prides for Climate Justice<br><strong>Trajanje projekta: <\/strong>01. 06. 2025 &#8211; 31. 12. 2026<\/p>\n\n\n\n<p class=\"wp-block-paragraph\">Projekt naslavlja intersekcijo med LGBTIQ+ temam in podnebni pravi\u010dnosti oz. pomanjkanje trajnostnih praks in politi\u010dne zavesti o podnebni pravi\u010dnosti v prese\u010di\u0161\u010du z LGBTIQ+ skupnostjo. Izhaja iz razumevanja, da so LGBTIQ+ mladi zaradi dru\u017ebene marginalizacije pogosto med bolj prizadetimi zaradi podnebnih kriz, hkrati pa so njihovi glasovi v okoljskih gibanjih premalo sli\u0161ani. Namen projekta je okrepiti povezavo med kvir bojem in bojem za podnebno pravi\u010dnost ter prispevati k bolj trajnostni, politi\u010dno anga\u017eirani in solidarni LGBTIQ+ skupnosti. Posebej pa si \u017eelimo opolnomo\u010diti mlade LGBTIQ+ osebe za aktivno delovanje in zagovarjanje na tem podro\u010dju, okrepiti trajnostno delovanje organizacije parad ponosa ter prispevati k mo\u010dnej\u0161emu povezovanju LGBTIQ+ skupnosti s podnebnim gibanjem.<\/p>\n\n\n\n<p class=\"wp-block-paragraph\">Med letoma 2025 in 2026 bomo izvajale_i:<\/p>\n\n\n\n<ul class=\"wp-block-list\">\n<li>ustvarjalne delavnice za razvoj trajnostnih promocijskih materialov za Festival Parada ponosa v Ljubljani;<\/li>\n\n\n\n<li>pripravile_i digitalne in fizi\u010dne skupnostne akcije;<\/li>\n\n\n\n<li>usposabljanja za mlade in LGBTIQ+ organizacije;&nbsp;<\/li>\n\n\n\n<li>mobilizacijo za podnebne in okoljske politi\u010dne akcije;&nbsp;<\/li>\n\n\n\n<li>dialog z odlo\u010devakami_ci in oblikovanje skupnih politi\u010dnih zahtev mladih.&nbsp;<\/li>\n<\/ul>\n\n\n\n<p class=\"wp-block-paragraph\">Projekt sofinancira EU.<\/p>\n\n\n\n<div class=\"wp-block-group is-content-justification-center is-nowrap is-layout-flex wp-container-core-group-is-layout-f56f9fcf wp-block-group-is-layout-flex\">\n<div class=\"wp-block-group is-nowrap is-layout-flex wp-container-core-group-is-layout-7387b849 wp-block-group-is-layout-flex\">\n<figure class=\"wp-block-image size-large is-resized\"><img decoding=\"async\" width=\"1920\" height=\"507\" fetchpriority=\"low\" src=\"https:\/\/staging.ljubljanapride.org\/wp-content\/uploads\/2026\/04\/SL_Co-fundedbytheEU_RGB_Monochrome-1920x507.png\" alt=\"\" class=\"wp-image-12914\" style=\"aspect-ratio:3.7871075608396803;width:160px;height:auto\" srcset=\"https:\/\/staging.ljubljanapride.org\/wp-content\/uploads\/2026\/04\/SL_Co-fundedbytheEU_RGB_Monochrome-1920x507.png 1920w, https:\/\/staging.ljubljanapride.org\/wp-content\/uploads\/2026\/04\/SL_Co-fundedbytheEU_RGB_Monochrome-768x203.png 768w, https:\/\/staging.ljubljanapride.org\/wp-content\/uploads\/2026\/04\/SL_Co-fundedbytheEU_RGB_Monochrome-1536x405.png 1536w, https:\/\/staging.ljubljanapride.org\/wp-content\/uploads\/2026\/04\/SL_Co-fundedbytheEU_RGB_Monochrome-2048x540.png 2048w\" sizes=\"(max-width: 1920px) 100vw, 1920px\" \/><\/figure>\n\n\n\n<figure class=\"wp-block-image size-full is-resized\"><img decoding=\"async\" width=\"998\" height=\"490\" fetchpriority=\"low\" src=\"https:\/\/staging.ljubljanapride.org\/wp-content\/uploads\/2026\/02\/Copy-of-FFF-logo-horizontal-RGB.png\" alt=\"\" class=\"wp-image-13606\" style=\"aspect-ratio:2.0367474315368703;width:109px;height:auto\" srcset=\"https:\/\/staging.ljubljanapride.org\/wp-content\/uploads\/2026\/02\/Copy-of-FFF-logo-horizontal-RGB.png 998w, https:\/\/staging.ljubljanapride.org\/wp-content\/uploads\/2026\/02\/Copy-of-FFF-logo-horizontal-RGB-768x377.png 768w\" sizes=\"(max-width: 998px) 100vw, 998px\" \/><\/figure>\n\n\n\n<figure class=\"wp-block-image size-full is-resized\"><img decoding=\"async\" width=\"1080\" height=\"414\" fetchpriority=\"low\" src=\"https:\/\/staging.ljubljanapride.org\/wp-content\/uploads\/2026\/02\/primary.png\" alt=\"\" class=\"wp-image-13607\" style=\"aspect-ratio:2.608730800323363;width:124px;height:auto\" srcset=\"https:\/\/staging.ljubljanapride.org\/wp-content\/uploads\/2026\/02\/primary.png 1080w, https:\/\/staging.ljubljanapride.org\/wp-content\/uploads\/2026\/02\/primary-768x294.png 768w\" sizes=\"(max-width: 1080px) 100vw, 1080px\" \/><\/figure>\n<\/div>\n<\/div>\n<\/details>\n<\/div>\n\n\n\n<div class=\"wp-block-group has-border-color has-custom-svetla-notranja-background-color has-background is-layout-constrained wp-container-core-group-is-layout-000f6b68 wp-block-group-is-layout-constrained\" style=\"border-color:#c02a69;border-width:0.2em;border-top-left-radius:10px;border-top-right-radius:10px;border-bottom-left-radius:10px;border-bottom-right-radius:10px;padding-top:var(--wp--preset--spacing--s);padding-right:var(--wp--preset--spacing--s);padding-bottom:var(--wp--preset--spacing--s);padding-left:var(--wp--preset--spacing--s);box-shadow:var(--wp--preset--shadow--shadow-2)\">\n<details class=\"wp-block-details is-layout-flow wp-block-details-is-layout-flow\"><summary><strong>Unavoidably Intertwined&nbsp;<\/strong><\/summary>\n<p class=\"wp-block-paragraph\"><strong>Polni naziv projekta: <\/strong>Unavoidably Intertwined: where climate justice and LGBTIQ+ rights meet<br><strong>Trajanje projekta: <\/strong>1. 10. 2025 &#8211; 30. 9. 2026<\/p>\n\n\n\n<p class=\"wp-block-paragraph\">Projekt odgovarja na kr\u010denje demokrati\u010dnega prostora, nara\u0161\u010dajo\u010do sovra\u017enost v javnem prostoru ter sistemati\u010dno izklju\u010devanje mladih, zlasti LGBTIQ+ mladih, mladih \u017eensk in drugih marginaliziranih skupin iz politi\u010dnih procesov. \u010ceprav so ravno te skupine pogosto najbolj prizadete zaradi podnebnih kriz, okoljskega propada in socialnih neenakosti, so njihovi glasovi v razpravah o podnebni pravi\u010dnosti in politi\u010dnem odlo\u010danju ve\u010dinoma odsotni. Projekt izhaja iz prepri\u010danja, da sta boj za \u010dlovekove pravice in boj za podnebno pravi\u010dnost nelo\u010dljivo povezana ter da je nujno okrepiti vidnost, politi\u010dno participacijo in pripovedno mo\u010d marginaliziranih mladih v \u010dasu, ko so feministi\u010dna, kvir in okoljska sporo\u010dila vse bolj potiskana na rob ali tar\u010da napadov.<\/p>\n\n\n\n<p class=\"wp-block-paragraph\">Cilj projekta je okrepiti glas mladih, ponovno zavzeti javni prostor s pozitivnimi in vklju\u010dujo\u010dimi narativi ter prispevati k bolj demokrati\u010dnim, pravi\u010dnim in podnebno odgovornej\u0161im politikam.<\/p>\n\n\n\n<p class=\"wp-block-paragraph\">Med koncem leta 2025 in letom 2026 bomo skozi ustvarjalne pisateljske delavnice z mladimi LGBTIQ+ osebami in drugimi marginaliziranimi mladimi razvijale_i politi\u010dna sporo\u010dila, slogane in izjave, ki bodo uporabljeni v javni in digitalni kampanji. Projekt vklju\u010duje tudi neposredno naslavljanje politi\u010dnih strank in kandidatk_ov ter zbiranje zgodb mladih preko spletne ankete o vplivih podnebne krize na njihova \u017eivljenja. V \u010dasu Festivala Parada ponosa v Ljubljani pa bomo izvedle_i vidno plakatno kampanjo v javnem prostoru ter delavnice z mednarodnimi LGBTIQ+ aktivistkami_i, poleti pa \u0161e digitalno kampanjo na dru\u017ebenih omre\u017ejih. Projekt se bo zaklju\u010dil z konferenco, kjer bodo predstavile_i dose\u017eke, u\u010dne izku\u0161nje ter na mestni ravni naslovile_i potrebe in zahteve LGBTIQ+ mladih.&nbsp;&nbsp;<\/p>\n\n\n\n<p class=\"wp-block-paragraph\">Projekt financira EU.<\/p>\n\n\n\n<div class=\"wp-block-group is-layout-constrained wp-block-group-is-layout-constrained\">\n<div class=\"wp-block-group is-content-justification-center is-nowrap is-layout-flex wp-container-core-group-is-layout-f56f9fcf wp-block-group-is-layout-flex\">\n<figure class=\"wp-block-image size-full is-resized\"><img decoding=\"async\" width=\"1167\" height=\"467\" fetchpriority=\"low\" src=\"https:\/\/staging.ljubljanapride.org\/wp-content\/uploads\/2026\/07\/financira-eu-logo-c-1.png\" alt=\"\" class=\"wp-image-13231\" style=\"aspect-ratio:2.4989674754775426;width:152px;height:auto\" srcset=\"https:\/\/staging.ljubljanapride.org\/wp-content\/uploads\/2026\/07\/financira-eu-logo-c-1.png 1167w, https:\/\/staging.ljubljanapride.org\/wp-content\/uploads\/2026\/07\/financira-eu-logo-c-1-768x307.png 768w\" sizes=\"(max-width: 1167px) 100vw, 1167px\" \/><\/figure>\n\n\n\n<figure class=\"wp-block-image size-large is-resized\"><img decoding=\"async\" width=\"445\" height=\"249\" fetchpriority=\"low\" src=\"https:\/\/staging.ljubljanapride.org\/wp-content\/uploads\/2026\/02\/Copy-of-Catalyst-of-Change-Main-Logo.svg\" alt=\"\" class=\"wp-image-13611\" style=\"aspect-ratio:1.7822277847309136;width:127px;height:auto\"\/><\/figure>\n\n\n\n<figure class=\"wp-block-image size-large is-resized\"><img decoding=\"async\" width=\"222\" height=\"114\" fetchpriority=\"low\" src=\"https:\/\/staging.ljubljanapride.org\/wp-content\/uploads\/2026\/02\/nhc-logo.svg\" alt=\"\" class=\"wp-image-13612\" style=\"width:131px;height:auto\"\/><\/figure>\n<\/div>\n<\/div>\n<\/details>\n<\/div>\n\n\n\n<div class=\"wp-block-group has-border-color has-custom-svetla-notranja-background-color has-background is-layout-constrained wp-container-core-group-is-layout-000f6b68 wp-block-group-is-layout-constrained\" style=\"border-color:#c02a69;border-width:0.2em;border-top-left-radius:10px;border-top-right-radius:10px;border-bottom-left-radius:10px;border-bottom-right-radius:10px;padding-top:var(--wp--preset--spacing--s);padding-right:var(--wp--preset--spacing--s);padding-bottom:var(--wp--preset--spacing--s);padding-left:var(--wp--preset--spacing--s);box-shadow:var(--wp--preset--shadow--shadow-2)\">\n<details class=\"wp-block-details is-layout-flow wp-block-details-is-layout-flow\"><summary><strong>Democracy Lab<\/strong><\/summary>\n<p class=\"wp-block-paragraph\"><strong>Trajanje projekta: <\/strong>1. 12. 2025 &#8211; 30. 11. 2026<\/p>\n\n\n\n<p class=\"wp-block-paragraph\">Projekt je namenjen krepitvi demokrati\u010dne participacije LGBTIQ+ mladih ter tesnej\u0161emu povezovanju LGBTIQ+ gibanja s \u0161ir\u0161imi prodemokrati\u010dnimi iniciativami v Sloveniji in regiji. Odziva se na vse ve\u010dje pritiske na demokracijo ter nizko politi\u010dno udele\u017ebo mladih, zlasti tistih iz marginaliziranih skupin.<\/p>\n\n\n\n<p class=\"wp-block-paragraph\">V ospredju projekta je mobilizacija LGBTIQ+ mladih in zaveznic_kov za aktivno sodelovanje v demokrati\u010dnih procesih, kot so volitve, protesti in javne kampanje. Poseben poudarek bo namenjen dr\u017eavnozborskim volitvam 2026, ki jih razumemo kot klju\u010den trenutek za prihodnost \u010dlovekovih pravic in demokrati\u010dnih svobo\u0161\u010din v Sloveniji. Skozi projekt bomo naslavljale_i realna tveganja omejevanja pravice do protesta, reproduktivnih pravic ter javne vidnosti LGBTIQ+ skupnosti, vklju\u010dno z obstojem Parade ponosa.<\/p>\n\n\n\n<p class=\"wp-block-paragraph\">Financira ILGA Europe.<\/p>\n\n\n\n<div class=\"wp-block-group is-content-justification-center is-nowrap is-layout-flex wp-container-core-group-is-layout-f56f9fcf wp-block-group-is-layout-flex\">\n<div class=\"wp-block-group is-nowrap is-layout-flex wp-container-core-group-is-layout-7387b849 wp-block-group-is-layout-flex\">\n<figure class=\"wp-block-image size-large is-resized\"><img decoding=\"async\" width=\"1920\" height=\"507\" fetchpriority=\"low\" src=\"https:\/\/staging.ljubljanapride.org\/wp-content\/uploads\/2026\/04\/SL_Co-fundedbytheEU_RGB_Monochrome-1920x507.png\" alt=\"\" class=\"wp-image-12914\" style=\"aspect-ratio:3.7871075608396803;width:160px;height:auto\" srcset=\"https:\/\/staging.ljubljanapride.org\/wp-content\/uploads\/2026\/04\/SL_Co-fundedbytheEU_RGB_Monochrome-1920x507.png 1920w, https:\/\/staging.ljubljanapride.org\/wp-content\/uploads\/2026\/04\/SL_Co-fundedbytheEU_RGB_Monochrome-768x203.png 768w, https:\/\/staging.ljubljanapride.org\/wp-content\/uploads\/2026\/04\/SL_Co-fundedbytheEU_RGB_Monochrome-1536x405.png 1536w, https:\/\/staging.ljubljanapride.org\/wp-content\/uploads\/2026\/04\/SL_Co-fundedbytheEU_RGB_Monochrome-2048x540.png 2048w\" sizes=\"(max-width: 1920px) 100vw, 1920px\" \/><\/figure>\n\n\n\n<figure class=\"wp-block-image size-full is-resized\"><img decoding=\"async\" width=\"1280\" height=\"620\" fetchpriority=\"low\" src=\"https:\/\/staging.ljubljanapride.org\/wp-content\/uploads\/2026\/02\/ILGA-Europe_logo.svg-1.png\" alt=\"\" class=\"wp-image-13614\" style=\"aspect-ratio:2.06454593922161;width:95px;height:auto\" srcset=\"https:\/\/staging.ljubljanapride.org\/wp-content\/uploads\/2026\/02\/ILGA-Europe_logo.svg-1.png 1280w, https:\/\/staging.ljubljanapride.org\/wp-content\/uploads\/2026\/02\/ILGA-Europe_logo.svg-1-768x372.png 768w\" sizes=\"(max-width: 1280px) 100vw, 1280px\" \/><\/figure>\n<\/div>\n<\/div>\n<\/details>\n<\/div>\n<\/div>\n<\/div>\n\n\n\n<div class=\"wp-block-group alignfull is-layout-constrained wp-container-core-group-is-layout-d12958d7 wp-block-group-is-layout-constrained\" style=\"padding-right:var(--wp--preset--spacing--s);padding-bottom:var(--wp--preset--spacing--xxl);padding-left:var(--wp--preset--spacing--s)\">\n<hr class=\"wp-block-separator has-alpha-channel-opacity is-style-wide\"\/>\n\n\n\n<div class=\"wp-block-group alignfull is-layout-constrained wp-container-core-group-is-layout-b175ceea wp-block-group-is-layout-constrained\" style=\"padding-right:var(--wp--preset--spacing--l);padding-left:var(--wp--preset--spacing--l)\">\n<h4 class=\"wp-block-heading has-text-align-center\">Programme made possible by:<\/h4>\n\n\n\n<div class=\"wp-block-group alignfull is-content-justification-center is-layout-flex wp-container-core-group-is-layout-59a792af wp-block-group-is-layout-flex\" style=\"padding-top:0\">\n<div class=\"wp-block-group is-content-justification-center is-layout-flex wp-container-core-group-is-layout-c99d6ce3 wp-block-group-is-layout-flex\" style=\"padding-right:var(--wp--preset--spacing--l);padding-left:var(--wp--preset--spacing--l)\">\n<div class=\"wp-block-group is-content-justification-center is-layout-flex wp-container-core-group-is-layout-f701c062 wp-block-group-is-layout-flex\">\n<div class=\"wp-block-group wp-container-content-69bc4bdf is-content-justification-center is-nowrap is-layout-flex wp-container-core-group-is-layout-f56f9fcf wp-block-group-is-layout-flex\">\n<figure class=\"wp-block-image aligncenter size-full is-resized wp-container-content-b04ba3db\"><img loading=\"lazy\" decoding=\"async\" width=\"500\" height=\"236\" src=\"https:\/\/staging.ljubljanapride.org\/wp-content\/uploads\/2026\/02\/MOL_Sofinancira_Slo_opt.png\" alt=\"\" class=\"wp-image-12907\" style=\"width:auto;height:60px\"\/><\/figure>\n<\/div>\n\n\n\n<div class=\"wp-block-group is-content-justification-center is-layout-constrained wp-block-group-is-layout-constrained\">\n<figure class=\"wp-block-image aligncenter size-full is-resized\"><img loading=\"lazy\" decoding=\"async\" width=\"2560\" height=\"675\" src=\"https:\/\/staging.ljubljanapride.org\/wp-content\/uploads\/2026\/04\/SL_Co-fundedbytheEU_RGB_Monochrome-scaled.png\" alt=\"\" class=\"wp-image-12914\" style=\"width:auto;height:40px\" srcset=\"https:\/\/staging.ljubljanapride.org\/wp-content\/uploads\/2026\/04\/SL_Co-fundedbytheEU_RGB_Monochrome-scaled.png 2560w, https:\/\/staging.ljubljanapride.org\/wp-content\/uploads\/2026\/04\/SL_Co-fundedbytheEU_RGB_Monochrome-768x203.png 768w, https:\/\/staging.ljubljanapride.org\/wp-content\/uploads\/2026\/04\/SL_Co-fundedbytheEU_RGB_Monochrome-1920x507.png 1920w, https:\/\/staging.ljubljanapride.org\/wp-content\/uploads\/2026\/04\/SL_Co-fundedbytheEU_RGB_Monochrome-1536x405.png 1536w, https:\/\/staging.ljubljanapride.org\/wp-content\/uploads\/2026\/04\/SL_Co-fundedbytheEU_RGB_Monochrome-2048x540.png 2048w\" sizes=\"auto, (max-width: 2560px) 100vw, 2560px\" \/><\/figure>\n<\/div>\n\n\n\n<div class=\"wp-block-group is-layout-constrained wp-block-group-is-layout-constrained\">\n<figure class=\"wp-block-image size-full is-resized\"><img loading=\"lazy\" decoding=\"async\" width=\"400\" height=\"250\" src=\"https:\/\/staging.ljubljanapride.org\/wp-content\/uploads\/2026\/07\/Copy-of-ifeelslovenia-logo-400.png\" alt=\"\" class=\"wp-image-13229\" style=\"width:147px;height:auto\"\/><\/figure>\n<\/div>\n\n\n\n<div class=\"wp-block-group is-layout-constrained wp-block-group-is-layout-constrained\">\n<figure class=\"wp-block-image size-full is-resized\"><img loading=\"lazy\" decoding=\"async\" width=\"998\" height=\"490\" src=\"https:\/\/staging.ljubljanapride.org\/wp-content\/uploads\/2026\/02\/Copy-of-FFF-logo-horizontal-RGB.png\" alt=\"\" class=\"wp-image-13606\" style=\"aspect-ratio:2.0367474315368703;width:109px;height:auto\" srcset=\"https:\/\/staging.ljubljanapride.org\/wp-content\/uploads\/2026\/02\/Copy-of-FFF-logo-horizontal-RGB.png 998w, https:\/\/staging.ljubljanapride.org\/wp-content\/uploads\/2026\/02\/Copy-of-FFF-logo-horizontal-RGB-768x377.png 768w\" sizes=\"auto, (max-width: 998px) 100vw, 998px\" \/><\/figure>\n<\/div>\n\n\n\n<div class=\"wp-block-group is-layout-constrained wp-block-group-is-layout-constrained\">\n<figure class=\"wp-block-image size-full is-resized\"><img loading=\"lazy\" decoding=\"async\" width=\"1080\" height=\"414\" src=\"https:\/\/staging.ljubljanapride.org\/wp-content\/uploads\/2026\/02\/primary.png\" alt=\"\" class=\"wp-image-13607\" style=\"aspect-ratio:2.608730800323363;width:124px;height:auto\" srcset=\"https:\/\/staging.ljubljanapride.org\/wp-content\/uploads\/2026\/02\/primary.png 1080w, https:\/\/staging.ljubljanapride.org\/wp-content\/uploads\/2026\/02\/primary-768x294.png 768w\" sizes=\"auto, (max-width: 1080px) 100vw, 1080px\" \/><\/figure>\n<\/div>\n\n\n\n<div class=\"wp-block-group is-layout-constrained wp-block-group-is-layout-constrained\">\n<figure class=\"wp-block-image size-large is-resized\"><img loading=\"lazy\" decoding=\"async\" width=\"445\" height=\"249\" src=\"https:\/\/staging.ljubljanapride.org\/wp-content\/uploads\/2026\/02\/Copy-of-Catalyst-of-Change-Main-Logo.svg\" alt=\"\" class=\"wp-image-13611\" style=\"aspect-ratio:1.7822277847309136;width:127px;height:auto\"\/><\/figure>\n<\/div>\n\n\n\n<div class=\"wp-block-group is-layout-constrained wp-block-group-is-layout-constrained\">\n<figure class=\"wp-block-image size-large is-resized\"><img loading=\"lazy\" decoding=\"async\" width=\"222\" height=\"114\" src=\"https:\/\/staging.ljubljanapride.org\/wp-content\/uploads\/2026\/02\/nhc-logo.svg\" alt=\"\" class=\"wp-image-13612\" style=\"width:131px;height:auto\"\/><\/figure>\n<\/div>\n\n\n\n<div class=\"wp-block-group is-layout-constrained wp-block-group-is-layout-constrained\">\n<figure class=\"wp-block-image size-full is-resized\"><img loading=\"lazy\" decoding=\"async\" width=\"1280\" height=\"620\" src=\"https:\/\/staging.ljubljanapride.org\/wp-content\/uploads\/2026\/02\/ILGA-Europe_logo.svg-1.png\" alt=\"\" class=\"wp-image-13614\" style=\"aspect-ratio:2.06454593922161;width:95px;height:auto\" srcset=\"https:\/\/staging.ljubljanapride.org\/wp-content\/uploads\/2026\/02\/ILGA-Europe_logo.svg-1.png 1280w, https:\/\/staging.ljubljanapride.org\/wp-content\/uploads\/2026\/02\/ILGA-Europe_logo.svg-1-768x372.png 768w\" sizes=\"auto, (max-width: 1280px) 100vw, 1280px\" \/><\/figure>\n<\/div>\n\n\n\n<div class=\"wp-block-group is-layout-constrained wp-block-group-is-layout-constrained\">\n<figure class=\"wp-block-image size-full is-resized\"><img loading=\"lazy\" decoding=\"async\" width=\"300\" height=\"212\" src=\"https:\/\/staging.ljubljanapride.org\/wp-content\/uploads\/2026\/02\/Annex-7a-\u2013-ALDA-logo-6-1-1-300x212-1.png\" alt=\"\" class=\"wp-image-14089\" style=\"width:120px\"\/><\/figure>\n<\/div>\n<\/div>\n<\/div>\n<\/div>\n\n\n\n<p class=\"has-text-align-center wp-block-paragraph\"><em>Co-funded by the European Union. Views and opinions expressed are however those of the author(s) only and do not necessarily reflect those of the European Union or the European Education and Culture Executive Agency (EACEA). Neither the European Union nor EACEA can be held responsible for them.<\/em><\/p>\n<\/div>\n<\/div>\n<\/div>\n<\/div>\n\n\n\n<p class=\"wp-block-paragraph\"><\/p>\n","protected":false},"excerpt":{"rendered":"<p>Mladinski program Dru\u0161tva Parada ponosa je prostor za LGBTIQ+ mlade, kjer se povezujemo, u\u010dimo, organiziramo dogodke in skupaj soustvarjamo dru\u017ebene spremembe. Program temelji na vrstni\u0161kem izobra\u017eevanju, skupnostnem povezovanju in aktivnem [&hellip;]<\/p>\n","protected":false},"author":13,"featured_media":12390,"parent":5388,"menu_order":0,"comment_status":"closed","ping_status":"closed","template":"","meta":{"_EventAllDay":false,"_EventTimezone":"","_EventStartDate":"","_EventEndDate":"","_EventStartDateUTC":"","_EventEndDateUTC":"","_EventShowMap":false,"_EventShowMapLink":false,"_EventURL":"","_EventCost":"","_EventCostDescription":"","_EventCurrencySymbol":"","_EventCurrencyCode":"","_EventCurrencyPosition":"","_EventDateTimeSeparator":"","_EventTimeRangeSeparator":"","_EventOrganizerID":[],"_EventVenueID":[],"_OrganizerEmail":"","_OrganizerPhone":"","_OrganizerWebsite":"","_VenueAddress":"","_VenueCity":"","_VenueCountry":"","_VenueProvince":"","_VenueState":"","_VenueZip":"","_VenuePhone":"","_VenueURL":"","_VenueStateProvince":"","_VenueLat":"","_VenueLng":"","_VenueShowMap":false,"_VenueShowMapLink":false,"footnotes":""},"class_list":["post-12391","page","type-page","status-publish","has-post-thumbnail","hentry"],"_links":{"self":[{"href":"https:\/\/staging.ljubljanapride.org\/en\/wp-json\/wp\/v2\/pages\/12391","targetHints":{"allow":["GET"]}}],"collection":[{"href":"https:\/\/staging.ljubljanapride.org\/en\/wp-json\/wp\/v2\/pages"}],"about":[{"href":"https:\/\/staging.ljubljanapride.org\/en\/wp-json\/wp\/v2\/types\/page"}],"author":[{"embeddable":true,"href":"https:\/\/staging.ljubljanapride.org\/en\/wp-json\/wp\/v2\/users\/13"}],"replies":[{"embeddable":true,"href":"https:\/\/staging.ljubljanapride.org\/en\/wp-json\/wp\/v2\/comments?post=12391"}],"version-history":[{"count":4,"href":"https:\/\/staging.ljubljanapride.org\/en\/wp-json\/wp\/v2\/pages\/12391\/revisions"}],"predecessor-version":[{"id":14537,"href":"https:\/\/staging.ljubljanapride.org\/en\/wp-json\/wp\/v2\/pages\/12391\/revisions\/14537"}],"up":[{"embeddable":true,"href":"https:\/\/staging.ljubljanapride.org\/en\/wp-json\/wp\/v2\/pages\/5388"}],"wp:featuredmedia":[{"embeddable":true,"href":"https:\/\/staging.ljubljanapride.org\/en\/wp-json\/wp\/v2\/media\/12390"}],"wp:attachment":[{"href":"https:\/\/staging.ljubljanapride.org\/en\/wp-json\/wp\/v2\/media?parent=12391"}],"curies":[{"name":"wp","href":"https:\/\/api.w.org\/{rel}","templated":true}]}}