{"id":12404,"date":"2026-02-21T12:41:28","date_gmt":"2026-02-21T11:41:28","guid":{"rendered":"https:\/\/staging.ljubljanapride.org\/?page_id=12404"},"modified":"2026-08-31T13:40:12","modified_gmt":"2026-08-31T11:40:12","slug":"sqvot","status":"publish","type":"page","link":"https:\/\/staging.ljubljanapride.org\/en\/programmes\/sqvot\/","title":{"rendered":"Sqvot"},"content":{"rendered":"\n<div class=\"wp-block-group alignfull is-layout-constrained wp-container-core-group-is-layout-841e00ca wp-block-group-is-layout-constrained\">\n<div class=\"wp-block-group is-layout-constrained wp-container-core-group-is-layout-bbbb3633 wp-block-group-is-layout-constrained\" style=\"margin-top:0;margin-bottom:0;padding-top:0;padding-right:var(--wp--preset--spacing--s);padding-bottom:0;padding-left:var(--wp--preset--spacing--s)\">\n<figure class=\"wp-block-image alignfull size-full is-style-default\"><img loading=\"lazy\" decoding=\"async\" width=\"2500\" height=\"1250\" src=\"https:\/\/staging.ljubljanapride.org\/wp-content\/uploads\/2026\/08\/sqvot-ang-banner.jpg\" alt=\"\" class=\"wp-image-14480\" srcset=\"https:\/\/staging.ljubljanapride.org\/wp-content\/uploads\/2026\/08\/sqvot-ang-banner.jpg 2500w, https:\/\/staging.ljubljanapride.org\/wp-content\/uploads\/2026\/08\/sqvot-ang-banner-768x384.jpg 768w, https:\/\/staging.ljubljanapride.org\/wp-content\/uploads\/2026\/08\/sqvot-ang-banner-1920x960.jpg 1920w, https:\/\/staging.ljubljanapride.org\/wp-content\/uploads\/2026\/08\/sqvot-ang-banner-1536x768.jpg 1536w, https:\/\/staging.ljubljanapride.org\/wp-content\/uploads\/2026\/08\/sqvot-ang-banner-2048x1024.jpg 2048w\" sizes=\"auto, (max-width: 2500px) 100vw, 2500px\" \/><\/figure>\n\n\n\n<ul class=\"wp-block-social-links has-large-icon-size is-style-logos-only is-content-justification-right is-layout-flex wp-container-core-social-links-is-layout-b98a8f05 wp-block-social-links-is-layout-flex\" style=\"margin-top:var(--wp--preset--spacing--s);margin-right:0;margin-bottom:var(--wp--preset--spacing--s);margin-left:0\"><li class=\"wp-social-link wp-social-link-wordpress has-primary-color wp-block-social-link\"><a rel=\"noopener nofollow\" target=\"_blank\" href=\"https:\/\/sqvot.si\" class=\"wp-block-social-link-anchor\"><svg width=\"24\" height=\"24\" viewBox=\"0 0 24 24\" version=\"1.1\" xmlns=\"http:\/\/www.w3.org\/2000\/svg\" aria-hidden=\"true\" focusable=\"false\"><path d=\"M12.158,12.786L9.46,20.625c0.806,0.237,1.657,0.366,2.54,0.366c1.047,0,2.051-0.181,2.986-0.51 c-0.024-0.038-0.046-0.079-0.065-0.124L12.158,12.786z M3.009,12c0,3.559,2.068,6.634,5.067,8.092L3.788,8.341 C3.289,9.459,3.009,10.696,3.009,12z M18.069,11.546c0-1.112-0.399-1.881-0.741-2.48c-0.456-0.741-0.883-1.368-0.883-2.109 c0-0.826,0.627-1.596,1.51-1.596c0.04,0,0.078,0.005,0.116,0.007C16.472,3.904,14.34,3.009,12,3.009 c-3.141,0-5.904,1.612-7.512,4.052c0.211,0.007,0.41,0.011,0.579,0.011c0.94,0,2.396-0.114,2.396-0.114 C7.947,6.93,8.004,7.642,7.52,7.699c0,0-0.487,0.057-1.029,0.085l3.274,9.739l1.968-5.901l-1.401-3.838 C9.848,7.756,9.389,7.699,9.389,7.699C8.904,7.67,8.961,6.93,9.446,6.958c0,0,1.484,0.114,2.368,0.114 c0.94,0,2.397-0.114,2.397-0.114c0.485-0.028,0.542,0.684,0.057,0.741c0,0-0.488,0.057-1.029,0.085l3.249,9.665l0.897-2.996 C17.841,13.284,18.069,12.316,18.069,11.546z M19.889,7.686c0.039,0.286,0.06,0.593,0.06,0.924c0,0.912-0.171,1.938-0.684,3.22 l-2.746,7.94c2.673-1.558,4.47-4.454,4.47-7.771C20.991,10.436,20.591,8.967,19.889,7.686z M12,22C6.486,22,2,17.514,2,12 C2,6.486,6.486,2,12,2c5.514,0,10,4.486,10,10C22,17.514,17.514,22,12,22z\"><\/path><\/svg><span class=\"wp-block-social-link-label screen-reader-text\">WordPress<\/span><\/a><\/li>\n\n<li class=\"wp-social-link wp-social-link-instagram has-primary-color wp-block-social-link\"><a rel=\"noopener nofollow\" target=\"_blank\" href=\"http:\/\/instagram.com\/sqvot_program\" class=\"wp-block-social-link-anchor\"><svg width=\"24\" height=\"24\" viewBox=\"0 0 24 24\" version=\"1.1\" xmlns=\"http:\/\/www.w3.org\/2000\/svg\" aria-hidden=\"true\" focusable=\"false\"><path d=\"M12,4.622c2.403,0,2.688,0.009,3.637,0.052c0.877,0.04,1.354,0.187,1.671,0.31c0.42,0.163,0.72,0.358,1.035,0.673 c0.315,0.315,0.51,0.615,0.673,1.035c0.123,0.317,0.27,0.794,0.31,1.671c0.043,0.949,0.052,1.234,0.052,3.637 s-0.009,2.688-0.052,3.637c-0.04,0.877-0.187,1.354-0.31,1.671c-0.163,0.42-0.358,0.72-0.673,1.035 c-0.315,0.315-0.615,0.51-1.035,0.673c-0.317,0.123-0.794,0.27-1.671,0.31c-0.949,0.043-1.233,0.052-3.637,0.052 s-2.688-0.009-3.637-0.052c-0.877-0.04-1.354-0.187-1.671-0.31c-0.42-0.163-0.72-0.358-1.035-0.673 c-0.315-0.315-0.51-0.615-0.673-1.035c-0.123-0.317-0.27-0.794-0.31-1.671C4.631,14.688,4.622,14.403,4.622,12 s0.009-2.688,0.052-3.637c0.04-0.877,0.187-1.354,0.31-1.671c0.163-0.42,0.358-0.72,0.673-1.035 c0.315-0.315,0.615-0.51,1.035-0.673c0.317-0.123,0.794-0.27,1.671-0.31C9.312,4.631,9.597,4.622,12,4.622 M12,3 C9.556,3,9.249,3.01,8.289,3.054C7.331,3.098,6.677,3.25,6.105,3.472C5.513,3.702,5.011,4.01,4.511,4.511 c-0.5,0.5-0.808,1.002-1.038,1.594C3.25,6.677,3.098,7.331,3.054,8.289C3.01,9.249,3,9.556,3,12c0,2.444,0.01,2.751,0.054,3.711 c0.044,0.958,0.196,1.612,0.418,2.185c0.23,0.592,0.538,1.094,1.038,1.594c0.5,0.5,1.002,0.808,1.594,1.038 c0.572,0.222,1.227,0.375,2.185,0.418C9.249,20.99,9.556,21,12,21s2.751-0.01,3.711-0.054c0.958-0.044,1.612-0.196,2.185-0.418 c0.592-0.23,1.094-0.538,1.594-1.038c0.5-0.5,0.808-1.002,1.038-1.594c0.222-0.572,0.375-1.227,0.418-2.185 C20.99,14.751,21,14.444,21,12s-0.01-2.751-0.054-3.711c-0.044-0.958-0.196-1.612-0.418-2.185c-0.23-0.592-0.538-1.094-1.038-1.594 c-0.5-0.5-1.002-0.808-1.594-1.038c-0.572-0.222-1.227-0.375-2.185-0.418C14.751,3.01,14.444,3,12,3L12,3z M12,7.378 c-2.552,0-4.622,2.069-4.622,4.622S9.448,16.622,12,16.622s4.622-2.069,4.622-4.622S14.552,7.378,12,7.378z M12,15 c-1.657,0-3-1.343-3-3s1.343-3,3-3s3,1.343,3,3S13.657,15,12,15z M16.804,6.116c-0.596,0-1.08,0.484-1.08,1.08 s0.484,1.08,1.08,1.08c0.596,0,1.08-0.484,1.08-1.08S17.401,6.116,16.804,6.116z\"><\/path><\/svg><span class=\"wp-block-social-link-label screen-reader-text\">Instagram<\/span><\/a><\/li>\n\n<li class=\"wp-social-link wp-social-link-facebook has-primary-color wp-block-social-link\"><a rel=\"noopener nofollow\" target=\"_blank\" href=\"https:\/\/facebook.com\/sqvot%20\" class=\"wp-block-social-link-anchor\"><svg width=\"24\" height=\"24\" viewBox=\"0 0 24 24\" version=\"1.1\" xmlns=\"http:\/\/www.w3.org\/2000\/svg\" aria-hidden=\"true\" focusable=\"false\"><path d=\"M12 2C6.5 2 2 6.5 2 12c0 5 3.7 9.1 8.4 9.9v-7H7.9V12h2.5V9.8c0-2.5 1.5-3.9 3.8-3.9 1.1 0 2.2.2 2.2.2v2.5h-1.3c-1.2 0-1.6.8-1.6 1.6V12h2.8l-.4 2.9h-2.3v7C18.3 21.1 22 17 22 12c0-5.5-4.5-10-10-10z\"><\/path><\/svg><span class=\"wp-block-social-link-label screen-reader-text\">Facebook<\/span><\/a><\/li><\/ul>\n<\/div>\n\n\n\n<div class=\"wp-block-group is-layout-constrained wp-container-core-group-is-layout-9f5c48b6 wp-block-group-is-layout-constrained\" style=\"padding-right:var(--wp--preset--spacing--m);padding-bottom:0;padding-left:var(--wp--preset--spacing--m)\">\n<p class=\"has-text-align-left wp-block-paragraph\">The SQVOT programme addresses systemic gaps, as well as direct support to LGBTIQ+ people facing minority stress and social exclusion, with a special emphasis on homelessness and housing exclusion, on asylum seekers and refugees, and on persons who are targets of hate speech and hateful acts.<\/p>\n\n\n\n<div class=\"wp-block-buttons is-content-justification-center is-layout-flex wp-container-core-buttons-is-layout-3e41869c wp-block-buttons-is-layout-flex\">\n<div class=\"wp-block-button\"><a class=\"wp-block-button__link wp-element-button\" href=\"https:\/\/sqvot.si\">For more information visit our website<\/a><\/div>\n<\/div>\n<\/div>\n\n\n\n<div class=\"wp-block-group is-nowrap is-layout-flex wp-container-core-group-is-layout-bffc9fcb wp-block-group-is-layout-flex\" style=\"padding-top:var(--wp--preset--spacing--m);padding-right:var(--wp--preset--spacing--s);padding-bottom:var(--wp--preset--spacing--m);padding-left:var(--wp--preset--spacing--s)\">\n<hr class=\"wp-block-separator has-alpha-channel-opacity is-style-wide wp-container-content-9cfa9a5a\"\/>\n\n\n\n<figure class=\"wp-block-image aligncenter size-full is-resized x-icon-figure is-style-default\" style=\"margin-top:-28px;margin-bottom:-28px\"><img loading=\"lazy\" decoding=\"async\" width=\"24\" height=\"24\" src=\"https:\/\/staging.ljubljanapride.org\/wp-content\/uploads\/2026\/02\/mention-circle-svgrepo-com.svg\" alt=\"\" class=\"wp-image-13653\" style=\"width:36px;height:auto\"\/><\/figure>\n\n\n\n<hr class=\"wp-block-separator has-alpha-channel-opacity is-style-wide wp-container-content-9cfa9a5a\"\/>\n<\/div>\n\n\n\n<div class=\"wp-block-group is-layout-constrained wp-container-core-group-is-layout-bb3709c6 wp-block-group-is-layout-constrained\" style=\"padding-right:var(--wp--preset--spacing--m);padding-left:var(--wp--preset--spacing--m)\">\n<h3 class=\"wp-block-heading has-text-align-center has-large-font-size\">Goals<\/h3>\n\n\n\n<div class=\"wp-block-group is-layout-grid wp-container-core-group-is-layout-a7c20ee4 wp-block-group-is-layout-grid\" style=\"padding-top:var(--wp--preset--spacing--xs);padding-right:0;padding-bottom:var(--wp--preset--spacing--m);padding-left:0\">\n<div class=\"wp-block-group is-layout-flow wp-block-group-is-layout-flow\" style=\"border-top-left-radius:1.2em;border-top-color:#c02a69;border-left-color:#c02a69;padding-top:var(--wp--preset--spacing--s);padding-right:var(--wp--preset--spacing--s);padding-bottom:var(--wp--preset--spacing--s);padding-left:var(--wp--preset--spacing--s)\">\n<h4 class=\"wp-block-heading has-primary-color has-text-color has-link-color wp-elements-b15699bce147b367ccb7b67712234b83\"><strong><strong>Addressing homelessness of LGBTIQ+ youth<\/strong><\/strong><\/h4>\n\n\n\n<p class=\"wp-block-paragraph\">Updating and developing activities for young LGBTIQ+ people facing housing exclusion and\/or homelessness and informing LGBTIQ+ youth about available services and support.<\/p>\n<\/div>\n\n\n\n<div class=\"wp-block-group is-layout-flow wp-block-group-is-layout-flow\" style=\"border-top-left-radius:1.2em;border-top-color:#c02a69;border-left-color:#c02a69;padding-top:var(--wp--preset--spacing--s);padding-right:var(--wp--preset--spacing--s);padding-bottom:var(--wp--preset--spacing--s);padding-left:var(--wp--preset--spacing--s)\">\n<h4 class=\"wp-block-heading has-primary-color has-text-color has-link-color wp-elements-b97ed9aa37d9c134a8767dc0bbfdee6a\"><strong><strong>Support activities for LGBTIQ+ asylum seekers and refugees<\/strong><\/strong><\/h4>\n\n\n\n<p class=\"wp-block-paragraph\">Continuing and expanding our support activities to reduce the effects of isolation and intersectional discrimination for LGBTIQ+ asylum seekers and refugees, including through our peer-led group activities, individual advocacy support and awareness raising.<\/p>\n<\/div>\n\n\n\n<div class=\"wp-block-group is-layout-flow wp-block-group-is-layout-flow\" style=\"border-top-left-radius:1.2em;border-top-color:#c02a69;border-left-color:#c02a69;padding-top:var(--wp--preset--spacing--s);padding-right:var(--wp--preset--spacing--s);padding-bottom:var(--wp--preset--spacing--s);padding-left:var(--wp--preset--spacing--s)\">\n<h4 class=\"wp-block-heading has-primary-color has-text-color has-link-color wp-elements-d86af2c0861bd256dce91d79f19640d0\"><strong><strong><strong><strong>Supporting LGBTIQ+ people who are targets of hate speech and hate crimes<\/strong><\/strong><\/strong><\/strong><\/h4>\n\n\n\n<p class=\"wp-block-paragraph\">Establishing a community support mechanism for targets of hate speech, hate crimes and hateful incidents.<\/p>\n<\/div>\n\n\n\n<div class=\"wp-block-group is-layout-flow wp-block-group-is-layout-flow\" style=\"border-top-left-radius:1.2em;border-top-color:#c02a69;border-left-color:#c02a69;padding-top:var(--wp--preset--spacing--s);padding-right:var(--wp--preset--spacing--s);padding-bottom:var(--wp--preset--spacing--s);padding-left:var(--wp--preset--spacing--s)\">\n<h4 class=\"wp-block-heading has-primary-color has-text-color has-link-color wp-elements-4c33a835147602498611c2609b3db5a0\"><strong><strong><strong><strong>Advocacy<\/strong><\/strong><\/strong><\/strong><\/h4>\n\n\n\n<p class=\"wp-block-paragraph\">Carrying out advocacy activities for the rights of young LGBTIQ+ homeless people and LGBTIQ+ asylum seekers and providing support in their inclusion in formal procedures.<\/p>\n<\/div>\n\n\n\n<div class=\"wp-block-group is-layout-flow wp-block-group-is-layout-flow\" style=\"border-top-left-radius:1.2em;border-top-color:#c02a69;border-left-color:#c02a69;padding-top:var(--wp--preset--spacing--s);padding-right:var(--wp--preset--spacing--s);padding-bottom:var(--wp--preset--spacing--s);padding-left:var(--wp--preset--spacing--s)\">\n<h4 class=\"wp-block-heading has-primary-color has-text-color has-link-color wp-elements-db10b74dd07975c1700f8e19a2a73fc9\"><strong><strong><strong><strong>Strengthening professional and organizational capacity<\/strong><\/strong><\/strong><\/strong><\/h4>\n\n\n\n<p class=\"wp-block-paragraph\">Training volunteers and developing a training package for professional workers in the field of social protection and related systems.<\/p>\n<\/div>\n<\/div>\n<\/div>\n\n\n\n<div class=\"wp-block-group is-nowrap is-layout-flex wp-container-core-group-is-layout-bffc9fcb wp-block-group-is-layout-flex\" style=\"padding-top:var(--wp--preset--spacing--m);padding-right:var(--wp--preset--spacing--s);padding-bottom:var(--wp--preset--spacing--m);padding-left:var(--wp--preset--spacing--s)\">\n<hr class=\"wp-block-separator has-alpha-channel-opacity is-style-wide wp-container-content-9cfa9a5a\"\/>\n\n\n\n<figure class=\"wp-block-image aligncenter size-full is-resized x-icon-figure is-style-default\" style=\"margin-top:-28px;margin-bottom:-28px\"><img loading=\"lazy\" decoding=\"async\" width=\"24\" height=\"24\" src=\"https:\/\/staging.ljubljanapride.org\/wp-content\/uploads\/2026\/02\/key-minimalistic-2-svgrepo-com.svg\" alt=\"\" class=\"wp-image-13660\" style=\"width:36px;height:auto\"\/><\/figure>\n\n\n\n<hr class=\"wp-block-separator has-alpha-channel-opacity is-style-wide wp-container-content-9cfa9a5a\"\/>\n<\/div>\n\n\n\n<div class=\"wp-block-group is-layout-constrained wp-container-core-group-is-layout-bb3709c6 wp-block-group-is-layout-constrained\" style=\"padding-right:var(--wp--preset--spacing--m);padding-left:var(--wp--preset--spacing--m)\">\n<h3 class=\"wp-block-heading has-text-align-center\">Key Activities<\/h3>\n\n\n\n<div class=\"wp-block-group is-layout-grid wp-container-core-group-is-layout-2d6d6bf7 wp-block-group-is-layout-grid\" style=\"padding-top:var(--wp--preset--spacing--xs);padding-right:0;padding-bottom:var(--wp--preset--spacing--m);padding-left:0\">\n<div class=\"wp-block-group has-border-color has-primary-border-color is-layout-constrained wp-container-core-group-is-layout-000f6b68 wp-block-group-is-layout-constrained\" style=\"border-top-left-radius:1.2em;border-top-right-radius:1.2em;border-bottom-left-radius:1.2em;border-bottom-right-radius:1.2em;padding-top:var(--wp--preset--spacing--s);padding-right:var(--wp--preset--spacing--s);padding-bottom:var(--wp--preset--spacing--s);padding-left:var(--wp--preset--spacing--s);box-shadow:var(--wp--preset--shadow--sharp-3-d)\">\n<h4 class=\"wp-block-heading has-text-align-left has-primary-color has-text-color has-link-color wp-elements-c8fc1bf1c5f00df5ca263afbaed04d1b\" style=\"line-height:1.4\"><strong><strong>LGBTIQ+ applicants for international protection and refugees<\/strong><\/strong><\/h4>\n\n\n\n<div class=\"wp-block-group is-layout-constrained wp-container-core-group-is-layout-6abe2ddc wp-block-group-is-layout-constrained\" style=\"padding-right:var(--wp--preset--spacing--m);padding-bottom:var(--wp--preset--spacing--s)\">\n<ul class=\"wp-block-list\">\n<li>Weekly support group&nbsp;<\/li>\n\n\n\n<li>Community building through cultural and social gatherings&nbsp;<\/li>\n\n\n\n<li>Assistance in employment and accommodation searching<\/li>\n\n\n\n<li>Administrative support and accompaniment in institutional procedures<\/li>\n\n\n\n<li>Language learning and support&nbsp;<\/li>\n\n\n\n<li>Material support&nbsp;<\/li>\n\n\n\n<li>Psychosocial support<\/li>\n\n\n\n<li>Awareness raising and advocacy<\/li>\n<\/ul>\n<\/div>\n<\/div>\n\n\n\n<div class=\"wp-block-group has-border-color has-primary-border-color is-layout-constrained wp-container-core-group-is-layout-000f6b68 wp-block-group-is-layout-constrained\" style=\"border-top-left-radius:1.2em;border-top-right-radius:1.2em;border-bottom-left-radius:1.2em;border-bottom-right-radius:1.2em;padding-top:var(--wp--preset--spacing--s);padding-right:var(--wp--preset--spacing--s);padding-bottom:var(--wp--preset--spacing--s);padding-left:var(--wp--preset--spacing--s);box-shadow:var(--wp--preset--shadow--sharp-3-d)\">\n<h4 class=\"wp-block-heading has-primary-color has-text-color has-link-color wp-elements-26cc234a3d436dcaf62e7489fc6f7f38\"><strong>LGBTIQ+ youth with experience of homelessness and\/or housing exclusion<\/strong><\/h4>\n\n\n\n<ul class=\"wp-block-list\">\n<li>Providing and support with finding crisis accomodation<\/li>\n\n\n\n<li>Support in searching for decent accommodation<\/li>\n\n\n\n<li>Administrative support and accompaniment in institutional procedures<\/li>\n\n\n\n<li>Individual and group support meetings<\/li>\n\n\n\n<li>Community building activities<\/li>\n\n\n\n<li>Support in finding employment&nbsp;<\/li>\n\n\n\n<li>Psychosocial support<\/li>\n\n\n\n<li>Awareness raising and advocacy<\/li>\n<\/ul>\n<\/div>\n\n\n\n<div class=\"wp-block-group has-border-color has-primary-border-color is-layout-constrained wp-container-core-group-is-layout-000f6b68 wp-block-group-is-layout-constrained\" style=\"border-top-left-radius:1.2em;border-top-right-radius:1.2em;border-bottom-left-radius:1.2em;border-bottom-right-radius:1.2em;padding-top:var(--wp--preset--spacing--s);padding-right:var(--wp--preset--spacing--s);padding-bottom:var(--wp--preset--spacing--s);padding-left:var(--wp--preset--spacing--s);box-shadow:var(--wp--preset--shadow--sharp-3-d)\">\n<h4 class=\"wp-block-heading has-primary-color has-text-color has-link-color wp-elements-85497582ea13d069b43a28fe7e3e13ef\"><strong><strong>LGBTIQ+ people who are targets of hate speech and hateful acts<\/strong><\/strong><\/h4>\n\n\n\n<ul class=\"wp-block-list\">\n<li>Support in reporting hate motivated incidents and attacks<\/li>\n\n\n\n<li>Support with police procedures, judiciary and legal support<\/li>\n\n\n\n<li>Administrative support and accompaniment in institutional procedures<\/li>\n\n\n\n<li>Supportive talks<\/li>\n\n\n\n<li>Psychosocial support<\/li>\n\n\n\n<li>Awareness and advocacy<\/li>\n<\/ul>\n<\/div>\n<\/div>\n<\/div>\n\n\n\n<div class=\"wp-block-group is-nowrap is-layout-flex wp-container-core-group-is-layout-bffc9fcb wp-block-group-is-layout-flex\" style=\"padding-top:var(--wp--preset--spacing--m);padding-right:var(--wp--preset--spacing--s);padding-bottom:var(--wp--preset--spacing--m);padding-left:var(--wp--preset--spacing--s)\">\n<hr class=\"wp-block-separator has-alpha-channel-opacity is-style-wide wp-container-content-9cfa9a5a\"\/>\n\n\n\n<figure class=\"wp-block-image aligncenter size-full is-resized x-icon-figure is-style-default\" style=\"margin-top:-28px;margin-bottom:-28px\"><img loading=\"lazy\" decoding=\"async\" width=\"24\" height=\"24\" src=\"https:\/\/staging.ljubljanapride.org\/wp-content\/uploads\/2026\/02\/dialog-svgrepo-com.svg\" alt=\"\" class=\"wp-image-13661\" style=\"width:36px;height:auto\"\/><\/figure>\n\n\n\n<hr class=\"wp-block-separator has-alpha-channel-opacity is-style-wide wp-container-content-9cfa9a5a\"\/>\n<\/div>\n\n\n\n<div class=\"wp-block-group is-layout-constrained wp-container-core-group-is-layout-bb3709c6 wp-block-group-is-layout-constrained\" style=\"padding-right:var(--wp--preset--spacing--m);padding-left:var(--wp--preset--spacing--m)\">\n<div class=\"wp-block-group is-layout-constrained wp-block-group-is-layout-constrained\">\n<h3 class=\"wp-block-heading has-text-align-center\">Do You Need Support?<\/h3>\n\n\n\n<p class=\"has-text-align-center wp-block-paragraph\">Write to us at&nbsp;<a href=\"mailto:sqvot@ljubljanapride.org\">sqvot@ljubljanapride.org<\/a>!<\/p>\n\n\n\n<div class=\"wp-block-group has-custom-css is-layout-constrained wp-block-group-is-layout-constrained wp-custom-css-48e68817\"><p><form id=\"forminator-module-14210\" class=\"forminator-custom-form forminator-custom-form-14210\" method=\"post\" data-forminator-render=\"0\" data-uid=\"6a96b520ab276\"><div role=\"alert\" aria-live=\"polite\" class=\"forminator-response-message forminator-error\" aria-hidden=\"true\"><\/div><\/form><\/p>\n<\/div>\n<\/div>\n<\/div>\n\n\n\n<div class=\"wp-block-group is-nowrap is-layout-flex wp-container-core-group-is-layout-1e066fd0 wp-block-group-is-layout-flex\" style=\"padding-top:var(--wp--preset--spacing--l);padding-right:var(--wp--preset--spacing--s);padding-bottom:var(--wp--preset--spacing--m);padding-left:var(--wp--preset--spacing--s)\">\n<hr class=\"wp-block-separator has-alpha-channel-opacity is-style-wide wp-container-content-9cfa9a5a\"\/>\n\n\n\n<figure class=\"wp-block-image aligncenter size-full is-resized x-icon-figure is-style-default\" style=\"margin-top:-28px;margin-bottom:-28px\"><img loading=\"lazy\" decoding=\"async\" width=\"24\" height=\"24\" src=\"https:\/\/staging.ljubljanapride.org\/wp-content\/uploads\/2026\/02\/users-group-two-rounded-svgrepo-com.svg\" alt=\"\" class=\"wp-image-13667\" style=\"width:36px;height:auto\"\/><\/figure>\n\n\n\n<hr class=\"wp-block-separator has-alpha-channel-opacity is-style-wide wp-container-content-9cfa9a5a\"\/>\n<\/div>\n\n\n\n<div class=\"wp-block-group is-layout-constrained wp-container-core-group-is-layout-df206943 wp-block-group-is-layout-constrained\" style=\"padding-top:0;padding-right:var(--wp--preset--spacing--m);padding-bottom:0;padding-left:var(--wp--preset--spacing--m)\">\n<h3 class=\"wp-block-heading has-text-align-center\">Support SQVOT<\/h3>\n\n\n\n<div class=\"wp-block-group is-layout-grid wp-container-core-group-is-layout-cfa6428c wp-block-group-is-layout-grid\" style=\"padding-top:var(--wp--preset--spacing--s);padding-right:0;padding-bottom:var(--wp--preset--spacing--l);padding-left:0\">\n<div class=\"wp-block-group has-border-color has-primary-border-color is-layout-constrained wp-container-core-group-is-layout-000f6b68 wp-block-group-is-layout-constrained\" style=\"border-top-left-radius:1.2em;border-top-right-radius:1.2em;border-bottom-left-radius:1.2em;border-bottom-right-radius:1.2em;padding-top:var(--wp--preset--spacing--s);padding-right:var(--wp--preset--spacing--s);padding-bottom:var(--wp--preset--spacing--s);padding-left:var(--wp--preset--spacing--s);box-shadow:var(--wp--preset--shadow--sharp-3-d)\">\n<h4 class=\"wp-block-heading has-text-align-left has-primary-color has-text-color has-link-color wp-elements-7dbaecfabc801f83c654386489e656cf\" style=\"font-size:clamp(0.875rem, 0.875rem + ((1vw - 0.2rem) * 0.406), 1.2rem);line-height:1.4\"><strong><strong><strong>Join as a volunteer<\/strong><\/strong><\/strong><\/h4>\n\n\n\n<div class=\"wp-block-group is-layout-constrained wp-container-core-group-is-layout-6abe2ddc wp-block-group-is-layout-constrained\" style=\"padding-right:var(--wp--preset--spacing--m);padding-bottom:var(--wp--preset--spacing--s)\">\n<p class=\"wp-block-paragraph\">Volunteers are an integral part of the SQVOT programme and we are always open to new members joining our team!<br><br>Send an email to <a href=\"mailto:sqvot@ljubljanapride.org\">sqvot@ljubljanapride.org<\/a> to learn more about how to get involved.<\/p>\n<\/div>\n<\/div>\n\n\n\n<div class=\"wp-block-group has-border-color has-primary-border-color is-layout-constrained wp-container-core-group-is-layout-000f6b68 wp-block-group-is-layout-constrained\" style=\"border-top-left-radius:1.2em;border-top-right-radius:1.2em;border-bottom-left-radius:1.2em;border-bottom-right-radius:1.2em;padding-top:var(--wp--preset--spacing--s);padding-right:var(--wp--preset--spacing--s);padding-bottom:var(--wp--preset--spacing--s);padding-left:var(--wp--preset--spacing--s);box-shadow:var(--wp--preset--shadow--sharp-3-d)\">\n<h4 class=\"wp-block-heading has-primary-color has-text-color has-link-color has-medium-font-size wp-elements-84f61d18956842ad7f5a702d064818f4\"><strong><strong>Donate to the SQVOT emergency fund<\/strong><\/strong><\/h4>\n\n\n\n<p class=\"wp-block-paragraph\">You can support an LGBTIQ+ person in crisis by donating to the SQVOT emergency fund.<\/p>\n\n\n\n<p class=\"wp-block-paragraph\"><strong>Dru\u0161tvo Parada ponosa<br><\/strong>Dunajska cesta 10, 1000 Ljubljana<br>Dav\u010dna \u0161t.: 50719459<br>Mati\u010dna \u0161t: 4010604000<br>TRR: SI56 6100 0001 2119 430<br>(Delavska hranilnica d.d. )<br>Purpose\/message: SQVOT emergency fund<\/p>\n<\/div>\n<\/div>\n<\/div>\n\n\n\n<div class=\"wp-block-group is-nowrap is-layout-flex wp-container-core-group-is-layout-bffc9fcb wp-block-group-is-layout-flex\" style=\"padding-top:var(--wp--preset--spacing--m);padding-right:var(--wp--preset--spacing--s);padding-bottom:var(--wp--preset--spacing--m);padding-left:var(--wp--preset--spacing--s)\">\n<hr class=\"wp-block-separator has-alpha-channel-opacity is-style-wide wp-container-content-9cfa9a5a\"\/>\n\n\n\n<figure class=\"wp-block-image aligncenter size-full is-resized x-icon-figure is-style-default\" style=\"margin-top:-28px;margin-bottom:-28px\"><img loading=\"lazy\" decoding=\"async\" width=\"24\" height=\"24\" src=\"https:\/\/staging.ljubljanapride.org\/wp-content\/uploads\/2026\/02\/document-add-svgrepo-com.svg\" alt=\"\" class=\"wp-image-13599\" style=\"width:36px;height:auto\"\/><\/figure>\n\n\n\n<hr class=\"wp-block-separator has-alpha-channel-opacity is-style-wide wp-container-content-9cfa9a5a\"\/>\n<\/div>\n\n\n\n<div class=\"wp-block-group is-layout-constrained wp-container-core-group-is-layout-bb3709c6 wp-block-group-is-layout-constrained\" style=\"padding-right:var(--wp--preset--spacing--m);padding-left:var(--wp--preset--spacing--m)\">\n<h3 class=\"wp-block-heading has-text-align-center\">Projects<\/h3>\n\n\n\n<div class=\"wp-block-group is-layout-constrained wp-block-group-is-layout-constrained\" style=\"padding-top:var(--wp--preset--spacing--s);padding-bottom:var(--wp--preset--spacing--l)\">\n<div class=\"wp-block-group has-border-color has-custom-svetla-notranja-background-color has-background is-layout-constrained wp-container-core-group-is-layout-000f6b68 wp-block-group-is-layout-constrained\" style=\"border-color:#c02a69;border-style:solid;border-width:0.2em;border-top-left-radius:10px;border-top-right-radius:10px;border-bottom-left-radius:10px;border-bottom-right-radius:10px;padding-top:var(--wp--preset--spacing--s);padding-right:var(--wp--preset--spacing--s);padding-bottom:var(--wp--preset--spacing--s);padding-left:var(--wp--preset--spacing--s);box-shadow:var(--wp--preset--shadow--shadow-2)\">\n<details class=\"wp-block-details is-layout-flow wp-block-details-is-layout-flow\"><summary><strong>Program Safe Living for Young LGBTIQ+ People<\/strong><\/summary>\n<div class=\"wp-block-group is-nowrap is-layout-flex wp-container-core-group-is-layout-7387b849 wp-block-group-is-layout-flex\">\n<figure class=\"wp-block-image size-large is-style-hide-mobile\"><img decoding=\"async\" width=\"1359\" height=\"1920\" fetchpriority=\"low\" src=\"https:\/\/staging.ljubljanapride.org\/wp-content\/uploads\/2026\/02\/zine13-transparent-1359x1920.png\" alt=\"\" class=\"wp-image-12902\" srcset=\"https:\/\/staging.ljubljanapride.org\/wp-content\/uploads\/2026\/02\/zine13-transparent-1359x1920.png 1359w, https:\/\/staging.ljubljanapride.org\/wp-content\/uploads\/2026\/02\/zine13-transparent-544x768.png 544w, https:\/\/staging.ljubljanapride.org\/wp-content\/uploads\/2026\/02\/zine13-transparent-768x1085.png 768w, https:\/\/staging.ljubljanapride.org\/wp-content\/uploads\/2026\/02\/zine13-transparent-1087x1536.png 1087w, https:\/\/staging.ljubljanapride.org\/wp-content\/uploads\/2026\/02\/zine13-transparent-1450x2048.png 1450w, https:\/\/staging.ljubljanapride.org\/wp-content\/uploads\/2026\/02\/zine13-transparent-scaled.png 1812w\" sizes=\"(max-width: 1359px) 100vw, 1359px\" \/><\/figure>\n\n\n\n<div class=\"wp-block-group is-vertical is-content-justification-left is-layout-flex wp-container-core-group-is-layout-fac2cdea wp-block-group-is-layout-flex\">\n<p class=\"wp-block-paragraph\">The program addresses the housing and social exclusion of young LGBTIQ+ people experiencing homelessness or at risk of it. It is a comprehensive support mechanism that provides young people with a safe space, psychosocial support and gradual empowerment for independent living. It includes professional support, individual counseling and community activities. The purpose of the program is to develop a sustainable model for reducing the consequences of housing and social exclusion of LGBTIQ+ people, combining crisis and long-term support.<\/p>\n\n\n\n<p class=\"wp-block-paragraph\"><em>Co-funded by the Municipality of Ljubljana.<\/em><\/p>\n\n\n\n<figure class=\"wp-block-image aligncenter size-full is-resized\"><img decoding=\"async\" width=\"500\" height=\"236\" fetchpriority=\"low\" src=\"https:\/\/staging.ljubljanapride.org\/wp-content\/uploads\/2026\/02\/MOL_Sofinancira_Slo_opt.png\" alt=\"\" class=\"wp-image-12907\" style=\"width:100px\"\/><\/figure>\n<\/div>\n<\/div>\n<\/details>\n<\/div>\n\n\n\n<div class=\"wp-block-group has-border-color has-custom-svetla-notranja-background-color has-background is-layout-constrained wp-container-core-group-is-layout-000f6b68 wp-block-group-is-layout-constrained\" style=\"border-color:#c02a69;border-width:0.2em;border-top-left-radius:10px;border-top-right-radius:10px;border-bottom-left-radius:10px;border-bottom-right-radius:10px;padding-top:var(--wp--preset--spacing--s);padding-right:var(--wp--preset--spacing--s);padding-bottom:var(--wp--preset--spacing--s);padding-left:var(--wp--preset--spacing--s);box-shadow:var(--wp--preset--shadow--shadow-2)\">\n<details class=\"wp-block-details is-layout-flow wp-block-details-is-layout-flow\"><summary><strong>Re-BUILD: Building Understanding and Inclusive Learning for the Development of mental health support<\/strong><\/summary>\n<p class=\"wp-block-paragraph\">This project aims to strengthen LGBTIQ+ shelters across Europe by integrating mental health support for LGBTIQ+ young adults experiencing homelessness by training internal and external stakeholders. Working together with partners from France (Le Refuge Foundation) and Poland (Lambda Warszawa) we will be developing trainings and knowledge sharing, enhancing shelters&#8217; capacities to address mental health needs, building external stakeholder awareness of these challenges and promoting the recognition of LGBTIQ+ shelters&#8217; expertise in mental health care.<\/p>\n\n\n\n<div class=\"wp-block-group is-content-justification-center is-nowrap is-layout-flex wp-container-core-group-is-layout-f56f9fcf wp-block-group-is-layout-flex\">\n<div class=\"wp-block-group is-layout-constrained wp-block-group-is-layout-constrained\">\n<figure class=\"wp-block-image size-full is-resized\"><img decoding=\"async\" width=\"500\" height=\"350\" fetchpriority=\"low\" src=\"https:\/\/staging.ljubljanapride.org\/wp-content\/uploads\/2026\/02\/EU.png\" alt=\"\" class=\"wp-image-12908\" style=\"width:80px\"\/><\/figure>\n<\/div>\n\n\n\n<p class=\"wp-block-paragraph\"><em><em>Co-funded by the European Union.<\/em><\/em><\/p>\n<\/div>\n<\/details>\n<\/div>\n<\/div>\n<\/div>\n\n\n\n<div class=\"wp-block-group is-nowrap is-layout-flex wp-container-core-group-is-layout-bffc9fcb wp-block-group-is-layout-flex\" style=\"padding-top:var(--wp--preset--spacing--m);padding-right:var(--wp--preset--spacing--s);padding-bottom:var(--wp--preset--spacing--m);padding-left:var(--wp--preset--spacing--s)\">\n<hr class=\"wp-block-separator has-alpha-channel-opacity is-style-wide wp-container-content-9cfa9a5a\"\/>\n\n\n\n<figure class=\"wp-block-image aligncenter size-full is-resized x-icon-figure is-style-default\" style=\"margin-top:-28px;margin-bottom:-28px\"><img loading=\"lazy\" decoding=\"async\" width=\"24\" height=\"24\" src=\"https:\/\/staging.ljubljanapride.org\/wp-content\/uploads\/2026\/02\/book-bookmark-svgrepo-com.svg\" alt=\"\" class=\"wp-image-13669\" style=\"width:36px;height:auto\"\/><\/figure>\n\n\n\n<hr class=\"wp-block-separator has-alpha-channel-opacity is-style-wide wp-container-content-9cfa9a5a\"\/>\n<\/div>\n\n\n\n<div class=\"wp-block-group is-layout-constrained wp-container-core-group-is-layout-32ee83c1 wp-block-group-is-layout-constrained\" style=\"padding-right:var(--wp--preset--spacing--m);padding-bottom:var(--wp--preset--spacing--s);padding-left:var(--wp--preset--spacing--m)\">\n<h3 class=\"wp-block-heading has-text-align-center\">Materials<\/h3>\n\n\n\n<div id=\"publikacijex\" class=\"wp-block-group is-layout-constrained wp-container-core-group-is-layout-2201cf7d wp-block-group-is-layout-constrained\" style=\"padding-top:var(--wp--preset--spacing--xs);padding-bottom:0\">\n<div class=\"wp-block-group is-layout-grid wp-container-core-group-is-layout-1c7d8ac4 wp-block-group-is-layout-grid\">\n<div class=\"wp-block-group is-layout-constrained wp-container-core-group-is-layout-41aba609 wp-block-group-is-layout-constrained\" style=\"padding-top:var(--wp--preset--spacing--xs);padding-right:var(--wp--preset--spacing--l);padding-bottom:var(--wp--preset--spacing--xs);padding-left:var(--wp--preset--spacing--l)\">\n<figure class=\"wp-block-image size-full has-custom-border\"><img loading=\"lazy\" decoding=\"async\" width=\"500\" height=\"706\" src=\"https:\/\/staging.ljubljanapride.org\/wp-content\/uploads\/2026\/02\/Pravice-LGBTIQ-za-mednarodno-zascito-v-Slo.webp\" alt=\"\" class=\"has-border-color wp-image-11875\" style=\"border-color:#acacac;border-width:1px;border-top-left-radius:3px;border-top-right-radius:3px;border-bottom-left-radius:3px;border-bottom-right-radius:3px;box-shadow:var(--wp--preset--shadow--shadow-1);aspect-ratio:3\/4;object-fit:cover\"\/><\/figure>\n<\/div>\n\n\n\n<div class=\"wp-block-group wp-container-content-0f14c317 is-vertical is-content-justification-left is-layout-flex wp-container-core-group-is-layout-4270d621 wp-block-group-is-layout-flex\" style=\"padding-top:0;padding-right:0;padding-bottom:0;padding-left:0\">\n<h4 class=\"wp-block-heading has-primary-color has-text-color has-link-color wp-elements-ab7a2aad71a6cadd28c5b8a74f2ae1f3\" style=\"font-style:normal;font-weight:700\"><strong>The Rights of LGBTIQ+ Applicants for International Protection in Slovenia<\/strong><\/h4>\n\n\n\n<h5 class=\"wp-block-heading has-secondary-color has-text-color has-link-color wp-elements-129ac7c6293b0d84e7b51ae6f80f6836\" style=\"margin-top:-25px\">Language: Slovenian, English, French<\/h5>\n\n\n\n<p class=\"wp-block-paragraph\">The publication explains the rights of LGBTIQ+ applicants for international protection in Slovenia and their specific vulnerabilities. It reviews EU and national case law, the need for up-to-date country of origin information and special procedural safeguards, and outlines measures for decent living conditions. It criticises the EU Pact on Migration and Asylum for restricting access to protection and calls for safe, legal migration routes based on solidarity and equality.<\/p>\n\n\n\n<div class=\"wp-block-group is-content-justification-left is-nowrap is-layout-flex wp-container-core-group-is-layout-a1b15d37 wp-block-group-is-layout-flex\">\n<div class=\"wp-block-group has-primary-color has-text-color has-link-color wp-elements-548f66c6015cf009111967931633b319 is-layout-constrained wp-container-core-group-is-layout-16c0eccc wp-block-group-is-layout-constrained\" style=\"border-right-width:2px;padding-right:var(--wp--preset--spacing--s);padding-left:var(--wp--preset--spacing--xs)\">\n<figure class=\"wp-block-image size-large is-resized has-custom-border wp-duotone-unset-1\" style=\"margin-top:var(--wp--preset--spacing--xs);margin-right:0;margin-bottom:var(--wp--preset--spacing--xs);margin-left:0\"><img loading=\"lazy\" decoding=\"async\" width=\"36\" height=\"36\" src=\"https:\/\/staging.ljubljanapride.org\/wp-content\/uploads\/2026\/02\/flag-for-flag-slovenia-svgrepo-com.svg\" alt=\"\" class=\"wp-image-14290\" style=\"border-right-style:none;border-right-width:0px;width:35px\"\/><\/figure>\n<\/div>\n\n\n\n<div class=\"wp-block-buttons is-layout-flex wp-block-buttons-is-layout-flex\">\n<div class=\"wp-block-button is-style-outline is-style-outline--2\"><a class=\"wp-block-button__link has-primary-color has-text-color has-link-color wp-element-button\" href=\"https:\/\/staging.ljubljanapride.org\/wp-content\/uploads\/2025\/01\/Pravice-LGBTIQ-za-mednarodno-zascito-v-Slo.pdf\" style=\"padding-top:var(--wp--preset--spacing--xs);padding-right:var(--wp--preset--spacing--xs);padding-bottom:var(--wp--preset--spacing--xs);padding-left:var(--wp--preset--spacing--xs)\">View Publication<\/a><\/div>\n<\/div>\n\n\n\n<div class=\"wp-block-group is-style-hide-mobile is-style-hide-tablet is-layout-constrained wp-block-group-is-layout-constrained\">\n<div class=\"wp-block-file\"><a href=\"https:\/\/staging.ljubljanapride.org\/wp-content\/uploads\/2025\/01\/Pravice-LGBTIQ-za-mednarodno-zascito-v-Slo.pdf\" class=\"wp-block-file__button wp-element-button\" download>download<\/a><\/div>\n<\/div>\n<\/div>\n\n\n\n<div class=\"wp-block-group is-content-justification-left is-nowrap is-layout-flex wp-container-core-group-is-layout-a1b15d37 wp-block-group-is-layout-flex\">\n<div class=\"wp-block-group has-primary-color has-text-color has-link-color wp-elements-62ee270609548012281ec682ae649a56 is-layout-constrained wp-container-core-group-is-layout-16c0eccc wp-block-group-is-layout-constrained\" style=\"border-right-width:2px;padding-right:var(--wp--preset--spacing--s);padding-left:var(--wp--preset--spacing--xs)\">\n<figure class=\"wp-block-image size-large is-resized has-custom-border wp-duotone-unset-3\" style=\"margin-top:var(--wp--preset--spacing--xs);margin-right:0;margin-bottom:var(--wp--preset--spacing--xs);margin-left:0\"><img loading=\"lazy\" decoding=\"async\" width=\"512\" height=\"512\" src=\"https:\/\/staging.ljubljanapride.org\/wp-content\/uploads\/2026\/02\/united-kingdom-uk-svgrepo-com.svg\" alt=\"\" class=\"wp-image-14294\" style=\"border-right-style:none;border-right-width:0px;width:35px\"\/><\/figure>\n<\/div>\n\n\n\n<div class=\"wp-block-buttons is-layout-flex wp-block-buttons-is-layout-flex\">\n<div class=\"wp-block-button is-style-outline is-style-outline--4\"><a class=\"wp-block-button__link has-primary-color has-text-color has-link-color wp-element-button\" href=\"https:\/\/staging.ljubljanapride.org\/wp-content\/uploads\/2025\/11\/CIP-fixed-ENG-Draft-1-Pravice-LGBTIQ-za-mednarodno-zascito-v-Slo-1.pdf-1.pdf\" style=\"padding-top:var(--wp--preset--spacing--xs);padding-right:var(--wp--preset--spacing--xs);padding-bottom:var(--wp--preset--spacing--xs);padding-left:var(--wp--preset--spacing--xs)\">View Publication<\/a><\/div>\n<\/div>\n\n\n\n<div class=\"wp-block-group is-style-hide-mobile is-style-hide-tablet is-layout-constrained wp-block-group-is-layout-constrained\">\n<div class=\"wp-block-file\"><a href=\"https:\/\/staging.ljubljanapride.org\/wp-content\/uploads\/2025\/11\/CIP-fixed-ENG-Draft-1-Pravice-LGBTIQ-za-mednarodno-zascito-v-Slo-1.pdf-1.pdf\" class=\"wp-block-file__button wp-element-button\" download>download<\/a><\/div>\n<\/div>\n<\/div>\n\n\n\n<div class=\"wp-block-group is-content-justification-left is-nowrap is-layout-flex wp-container-core-group-is-layout-a1b15d37 wp-block-group-is-layout-flex\">\n<div class=\"wp-block-group has-primary-color has-text-color has-link-color wp-elements-9d1ccaf36cfcdc03a6ddd9333d9b196d is-layout-constrained wp-container-core-group-is-layout-16c0eccc wp-block-group-is-layout-constrained\" style=\"border-right-width:2px;padding-right:var(--wp--preset--spacing--s);padding-left:var(--wp--preset--spacing--xs)\">\n<figure class=\"wp-block-image size-large is-resized has-custom-border wp-duotone-unset-5\" style=\"margin-top:var(--wp--preset--spacing--xs);margin-right:0;margin-bottom:var(--wp--preset--spacing--xs);margin-left:0\"><img loading=\"lazy\" decoding=\"async\" width=\"36\" height=\"36\" src=\"https:\/\/staging.ljubljanapride.org\/wp-content\/uploads\/2026\/02\/flag-for-flag-france-svgrepo-com.svg\" alt=\"\" class=\"wp-image-14293\" style=\"border-right-style:none;border-right-width:0px;width:35px\"\/><\/figure>\n<\/div>\n\n\n\n<div class=\"wp-block-buttons is-layout-flex wp-block-buttons-is-layout-flex\">\n<div class=\"wp-block-button is-style-outline is-style-outline--6\"><a class=\"wp-block-button__link has-primary-color has-text-color has-link-color wp-element-button\" href=\"https:\/\/staging.ljubljanapride.org\/wp-content\/uploads\/2025\/11\/CIP-fixed-FR-Final-1-Pravice-LGBTIQ-za-mednarodno-zascito-v-Slo-1.pdf-1.pdf\" style=\"padding-top:var(--wp--preset--spacing--xs);padding-right:var(--wp--preset--spacing--xs);padding-bottom:var(--wp--preset--spacing--xs);padding-left:var(--wp--preset--spacing--xs)\" target=\"_blank\" rel=\"noreferrer noopener\">View Publication<\/a><\/div>\n<\/div>\n\n\n\n<div class=\"wp-block-group is-style-hide-mobile is-style-hide-tablet is-layout-constrained wp-block-group-is-layout-constrained\">\n<div class=\"wp-block-file\"><a href=\"https:\/\/staging.ljubljanapride.org\/wp-content\/uploads\/2025\/11\/CIP-fixed-FR-Final-1-Pravice-LGBTIQ-za-mednarodno-zascito-v-Slo-1.pdf-1.pdf\" class=\"wp-block-file__button wp-element-button\" download>download<\/a><\/div>\n<\/div>\n<\/div>\n<\/div>\n\n\n\n<div class=\"wp-block-group wp-container-content-7ed1b8cc is-layout-constrained wp-container-core-group-is-layout-f935b44f wp-block-group-is-layout-constrained\" style=\"margin-top:0;margin-bottom:0;padding-top:var(--wp--preset--spacing--xs);padding-right:var(--wp--preset--spacing--l);padding-bottom:var(--wp--preset--spacing--xs);padding-left:var(--wp--preset--spacing--l)\">\n<figure class=\"wp-block-image size-full has-custom-border\"><img loading=\"lazy\" decoding=\"async\" width=\"786\" height=\"1048\" src=\"https:\/\/staging.ljubljanapride.org\/wp-content\/uploads\/2026\/03\/prevention-of-LGBTIQ-youth-homelessness.jpg\" alt=\"\" class=\"has-border-color has-custom-robovi-dokumentov-border-color wp-image-12834\" style=\"border-width:1px;box-shadow:var(--wp--preset--shadow--shadow-1);aspect-ratio:3\/4;object-fit:cover\" srcset=\"https:\/\/staging.ljubljanapride.org\/wp-content\/uploads\/2026\/03\/prevention-of-LGBTIQ-youth-homelessness.jpg 786w, https:\/\/staging.ljubljanapride.org\/wp-content\/uploads\/2026\/03\/prevention-of-LGBTIQ-youth-homelessness-576x768.jpg 576w, https:\/\/staging.ljubljanapride.org\/wp-content\/uploads\/2026\/03\/prevention-of-LGBTIQ-youth-homelessness-768x1024.jpg 768w\" sizes=\"auto, (max-width: 786px) 100vw, 786px\" \/><\/figure>\n<\/div>\n\n\n\n<div class=\"wp-block-group wp-container-content-0f14c317 is-vertical is-content-justification-left is-layout-flex wp-container-core-group-is-layout-4270d621 wp-block-group-is-layout-flex\" style=\"padding-top:0;padding-right:0;padding-bottom:0;padding-left:0\">\n<h4 class=\"wp-block-heading has-primary-color has-text-color has-link-color wp-elements-ddf2d7800c45fcd771f20470db1a5f6c\" style=\"font-style:normal;font-weight:700\">Prevention of LGBTIQ+ youth homelessness<\/h4>\n\n\n\n<h4 class=\"wp-block-heading has-primary-color has-text-color has-link-color wp-elements-b9583da02d38a91c7b6d29449bd352a7\" style=\"margin-top:-25px;font-style:normal;font-weight:300\"><em><em>Manual for youth workers<\/em><\/em><\/h4>\n\n\n\n<h5 class=\"wp-block-heading has-secondary-color has-text-color has-link-color wp-elements-92ab4f8c6fbd5cc878af77e8466ed5c2\" style=\"margin-top:-25px\">Language: English<\/h5>\n\n\n\n<p class=\"wp-block-paragraph\">In the course of our work, we draw upon concepts that significantly shape our understanding of the existential challenges faced by young LGBTIQ+ individuals and all the associated risk factors and consequences. Understanding housing exclusion and homelessness is of paramount importance if we are to grasp the complexity and dynamism of inadequate housing situations. Simultaneously, we must take into account certain specific circumstances that accompany LGBTIQ+ individuals and social phenomena that profoundly influence their daily lives and life trajectories.<\/p>\n\n\n\n<div class=\"wp-block-group is-layout-flex wp-block-group-is-layout-flex\">\n<div class=\"wp-block-group has-primary-color has-text-color has-link-color wp-elements-62ee270609548012281ec682ae649a56 is-layout-constrained wp-container-core-group-is-layout-16c0eccc wp-block-group-is-layout-constrained\" style=\"border-right-width:2px;padding-right:var(--wp--preset--spacing--s);padding-left:var(--wp--preset--spacing--xs)\">\n<figure class=\"wp-block-image size-large is-resized has-custom-border wp-duotone-unset-7\" style=\"margin-top:var(--wp--preset--spacing--xs);margin-right:0;margin-bottom:var(--wp--preset--spacing--xs);margin-left:0\"><img loading=\"lazy\" decoding=\"async\" width=\"512\" height=\"512\" src=\"https:\/\/staging.ljubljanapride.org\/wp-content\/uploads\/2026\/02\/united-kingdom-uk-svgrepo-com.svg\" alt=\"\" class=\"wp-image-14294\" style=\"border-right-style:none;border-right-width:0px;width:35px\"\/><\/figure>\n<\/div>\n\n\n\n<div class=\"wp-block-buttons is-layout-flex wp-block-buttons-is-layout-flex\">\n<div class=\"wp-block-button is-style-outline is-style-outline--8\"><a class=\"wp-block-button__link has-primary-color has-text-color has-link-color wp-element-button\" href=\"https:\/\/staging.ljubljanapride.org\/wp-content\/uploads\/2024\/06\/Prevention-of-LGBTIQ-youth-homelessness-2024.pdf\" style=\"padding-top:var(--wp--preset--spacing--xs);padding-right:var(--wp--preset--spacing--xs);padding-bottom:var(--wp--preset--spacing--xs);padding-left:var(--wp--preset--spacing--xs)\" target=\"_blank\" rel=\"noreferrer noopener\">View Publication<\/a><\/div>\n<\/div>\n\n\n\n<div class=\"wp-block-group is-style-hide-mobile is-style-hide-tablet is-layout-constrained wp-block-group-is-layout-constrained\">\n<div class=\"wp-block-file\"><a href=\"https:\/\/staging.ljubljanapride.org\/wp-content\/uploads\/2024\/06\/Prevention-of-LGBTIQ-youth-homelessness-2024.pdf\" class=\"wp-block-file__button wp-element-button\" download>download<\/a><\/div>\n<\/div>\n<\/div>\n<\/div>\n\n\n\n<div class=\"wp-block-group wp-container-content-7ed1b8cc is-layout-constrained wp-container-core-group-is-layout-f935b44f wp-block-group-is-layout-constrained\" style=\"margin-top:0;margin-bottom:0;padding-top:var(--wp--preset--spacing--xs);padding-right:var(--wp--preset--spacing--l);padding-bottom:var(--wp--preset--spacing--xs);padding-left:var(--wp--preset--spacing--l)\">\n<figure class=\"wp-block-image size-full has-custom-border\"><img loading=\"lazy\" decoding=\"async\" width=\"798\" height=\"1122\" src=\"https:\/\/staging.ljubljanapride.org\/wp-content\/uploads\/2026\/02\/ljubo_doma.png\" alt=\"\" class=\"has-border-color has-custom-robovi-dokumentov-border-color wp-image-12920\" style=\"border-width:1px;box-shadow:var(--wp--preset--shadow--shadow-1)\" srcset=\"https:\/\/staging.ljubljanapride.org\/wp-content\/uploads\/2026\/02\/ljubo_doma.png 798w, https:\/\/staging.ljubljanapride.org\/wp-content\/uploads\/2026\/02\/ljubo_doma-546x768.png 546w, https:\/\/staging.ljubljanapride.org\/wp-content\/uploads\/2026\/02\/ljubo_doma-768x1080.png 768w\" sizes=\"auto, (max-width: 798px) 100vw, 798px\" \/><\/figure>\n<\/div>\n\n\n\n<div class=\"wp-block-group wp-container-content-0f14c317 is-vertical is-content-justification-left is-layout-flex wp-container-core-group-is-layout-4270d621 wp-block-group-is-layout-flex\" style=\"padding-top:0;padding-right:0;padding-bottom:0;padding-left:0\">\n<h4 class=\"wp-block-heading has-primary-color has-text-color has-link-color wp-elements-a11bf608c36a87065f4bb431f7e5b05c\" style=\"font-style:normal;font-weight:700\">HOME SWEET HOME? \u2013 Housing Conditions of LGBTIQ+ People in Slovenia<\/h4>\n\n\n\n<h5 class=\"wp-block-heading has-secondary-color has-text-color has-link-color wp-elements-699a91360fc23223a5ef28127aaebcf6\" style=\"margin-top:-25px\">Language: Slovenian<\/h5>\n\n\n\n<p class=\"wp-block-paragraph\"><strong>Authors: Vesna \u0160tefanec and Mateja Mori\u0107. <\/strong><br>As part of the SQVOT programme, a research report was developed as a first step towards examining the situation and analysing the housing needs of LGBTIQ+ youth in Slovenia. It brings together analyses of varying scope based on data collected over the past year and provides insight into key areas essential for understanding and addressing housing exclusion and homelessness among young LGBTIQ+ people.<\/p>\n\n\n\n<div class=\"wp-block-group is-layout-flex wp-block-group-is-layout-flex\">\n<div class=\"wp-block-group has-primary-color has-text-color has-link-color wp-elements-548f66c6015cf009111967931633b319 is-layout-constrained wp-container-core-group-is-layout-16c0eccc wp-block-group-is-layout-constrained\" style=\"border-right-width:2px;padding-right:var(--wp--preset--spacing--s);padding-left:var(--wp--preset--spacing--xs)\">\n<figure class=\"wp-block-image size-large is-resized has-custom-border wp-duotone-unset-9\" style=\"margin-top:var(--wp--preset--spacing--xs);margin-right:0;margin-bottom:var(--wp--preset--spacing--xs);margin-left:0\"><img loading=\"lazy\" decoding=\"async\" width=\"36\" height=\"36\" src=\"https:\/\/staging.ljubljanapride.org\/wp-content\/uploads\/2026\/02\/flag-for-flag-slovenia-svgrepo-com.svg\" alt=\"\" class=\"wp-image-14290\" style=\"border-right-style:none;border-right-width:0px;width:35px\"\/><\/figure>\n<\/div>\n\n\n\n<div class=\"wp-block-buttons is-layout-flex wp-block-buttons-is-layout-flex\">\n<div class=\"wp-block-button is-style-outline is-style-outline--10\"><a class=\"wp-block-button__link has-primary-color has-text-color has-link-color wp-element-button\" href=\"https:\/\/staging.ljubljanapride.org\/wp-content\/uploads\/2021\/06\/Raziskovalno-porocilo_web.pdf\" style=\"padding-top:var(--wp--preset--spacing--xs);padding-right:var(--wp--preset--spacing--xs);padding-bottom:var(--wp--preset--spacing--xs);padding-left:var(--wp--preset--spacing--xs)\" target=\"_blank\" rel=\"noreferrer noopener\">View Research<\/a><\/div>\n<\/div>\n\n\n\n<div class=\"wp-block-group is-style-hide-mobile is-style-hide-tablet is-layout-constrained wp-block-group-is-layout-constrained\">\n<div class=\"wp-block-file\"><a href=\"https:\/\/staging.ljubljanapride.org\/wp-content\/uploads\/2021\/06\/Raziskovalno-porocilo_web.pdf\" class=\"wp-block-file__button wp-element-button\" download>download<\/a><\/div>\n<\/div>\n<\/div>\n<\/div>\n<\/div>\n<\/div>\n<\/div>\n\n\n\n<div class=\"wp-block-group alignfull is-layout-constrained wp-container-core-group-is-layout-d12958d7 wp-block-group-is-layout-constrained\" style=\"padding-right:var(--wp--preset--spacing--s);padding-bottom:var(--wp--preset--spacing--xxl);padding-left:var(--wp--preset--spacing--s)\">\n<hr class=\"wp-block-separator has-alpha-channel-opacity is-style-wide\"\/>\n\n\n\n<div class=\"wp-block-group alignfull is-layout-constrained wp-container-core-group-is-layout-b175ceea wp-block-group-is-layout-constrained\" style=\"padding-right:var(--wp--preset--spacing--l);padding-left:var(--wp--preset--spacing--l)\">\n<h4 class=\"wp-block-heading has-text-align-center\">Programme made possible by:<\/h4>\n\n\n\n<div class=\"wp-block-group alignfull is-content-justification-center is-layout-flex wp-container-core-group-is-layout-59a792af wp-block-group-is-layout-flex\" style=\"padding-top:0\">\n<div class=\"wp-block-group is-content-justification-center is-layout-flex wp-container-core-group-is-layout-c99d6ce3 wp-block-group-is-layout-flex\" style=\"padding-right:var(--wp--preset--spacing--l);padding-left:var(--wp--preset--spacing--l)\">\n<div class=\"wp-block-group is-content-justification-center is-layout-flex wp-container-core-group-is-layout-f701c062 wp-block-group-is-layout-flex\">\n<div class=\"wp-block-group wp-container-content-69bc4bdf is-content-justification-center is-nowrap is-layout-flex wp-container-core-group-is-layout-f56f9fcf wp-block-group-is-layout-flex\">\n<figure class=\"wp-block-image aligncenter size-full is-resized wp-container-content-b04ba3db\"><img loading=\"lazy\" decoding=\"async\" width=\"500\" height=\"236\" src=\"https:\/\/staging.ljubljanapride.org\/wp-content\/uploads\/2026\/02\/MOL_Sofinancira_Slo_opt.png\" alt=\"\" class=\"wp-image-12907\" style=\"width:auto;height:60px\"\/><\/figure>\n<\/div>\n\n\n\n<div class=\"wp-block-group is-content-justification-center is-layout-constrained wp-block-group-is-layout-constrained\">\n<figure class=\"wp-block-image aligncenter size-full is-resized\"><img loading=\"lazy\" decoding=\"async\" width=\"2560\" height=\"675\" src=\"https:\/\/staging.ljubljanapride.org\/wp-content\/uploads\/2026\/04\/SL_Co-fundedbytheEU_RGB_Monochrome-scaled.png\" alt=\"\" class=\"wp-image-12914\" style=\"width:auto;height:40px\" srcset=\"https:\/\/staging.ljubljanapride.org\/wp-content\/uploads\/2026\/04\/SL_Co-fundedbytheEU_RGB_Monochrome-scaled.png 2560w, https:\/\/staging.ljubljanapride.org\/wp-content\/uploads\/2026\/04\/SL_Co-fundedbytheEU_RGB_Monochrome-768x203.png 768w, https:\/\/staging.ljubljanapride.org\/wp-content\/uploads\/2026\/04\/SL_Co-fundedbytheEU_RGB_Monochrome-1920x507.png 1920w, https:\/\/staging.ljubljanapride.org\/wp-content\/uploads\/2026\/04\/SL_Co-fundedbytheEU_RGB_Monochrome-1536x405.png 1536w, https:\/\/staging.ljubljanapride.org\/wp-content\/uploads\/2026\/04\/SL_Co-fundedbytheEU_RGB_Monochrome-2048x540.png 2048w\" sizes=\"auto, (max-width: 2560px) 100vw, 2560px\" \/><\/figure>\n<\/div>\n\n\n\n<div class=\"wp-block-group is-layout-constrained wp-block-group-is-layout-constrained\">\n<figure class=\"wp-block-image aligncenter size-full is-resized\"><img loading=\"lazy\" decoding=\"async\" width=\"1798\" height=\"279\" src=\"https:\/\/staging.ljubljanapride.org\/wp-content\/uploads\/2026\/02\/mddsz_logo.png\" alt=\"\" class=\"wp-image-12978\" style=\"width:auto;height:30px\" srcset=\"https:\/\/staging.ljubljanapride.org\/wp-content\/uploads\/2026\/02\/mddsz_logo.png 1798w, https:\/\/staging.ljubljanapride.org\/wp-content\/uploads\/2026\/02\/mddsz_logo-768x119.png 768w, https:\/\/staging.ljubljanapride.org\/wp-content\/uploads\/2026\/02\/mddsz_logo-1536x238.png 1536w\" sizes=\"auto, (max-width: 1798px) 100vw, 1798px\" \/><\/figure>\n<\/div>\n<\/div>\n<\/div>\n<\/div>\n\n\n\n<p class=\"has-text-align-center wp-block-paragraph\"><em><em>Co-funded by the European Union. Views and opinions expressed are however those of the author(s) only and do not necessarily reflect those of the European Union or the European Education and Culture Executive Agency (EACEA). Neither the European Union nor EACEA can be held responsible for them.<\/em><\/em><\/p>\n<\/div>\n<\/div>\n<\/div>\n\n\n\n<p class=\"wp-block-paragraph\"><\/p>\n","protected":false},"excerpt":{"rendered":"<p>The SQVOT programme addresses systemic gaps, as well as direct support to LGBTIQ+ people facing minority stress and social exclusion, with a special emphasis on homelessness and housing exclusion, on [&hellip;]<\/p>\n","protected":false},"author":13,"featured_media":12403,"parent":5388,"menu_order":0,"comment_status":"closed","ping_status":"closed","template":"","meta":{"_EventAllDay":false,"_EventTimezone":"","_EventStartDate":"","_EventEndDate":"","_EventStartDateUTC":"","_EventEndDateUTC":"","_EventShowMap":false,"_EventShowMapLink":false,"_EventURL":"","_EventCost":"","_EventCostDescription":"","_EventCurrencySymbol":"","_EventCurrencyCode":"","_EventCurrencyPosition":"","_EventDateTimeSeparator":"","_EventTimeRangeSeparator":"","_EventOrganizerID":[],"_EventVenueID":[],"_OrganizerEmail":"","_OrganizerPhone":"","_OrganizerWebsite":"","_VenueAddress":"","_VenueCity":"","_VenueCountry":"","_VenueProvince":"","_VenueState":"","_VenueZip":"","_VenuePhone":"","_VenueURL":"","_VenueStateProvince":"","_VenueLat":"","_VenueLng":"","_VenueShowMap":false,"_VenueShowMapLink":false,"footnotes":""},"class_list":["post-12404","page","type-page","status-publish","has-post-thumbnail","hentry"],"_links":{"self":[{"href":"https:\/\/staging.ljubljanapride.org\/en\/wp-json\/wp\/v2\/pages\/12404","targetHints":{"allow":["GET"]}}],"collection":[{"href":"https:\/\/staging.ljubljanapride.org\/en\/wp-json\/wp\/v2\/pages"}],"about":[{"href":"https:\/\/staging.ljubljanapride.org\/en\/wp-json\/wp\/v2\/types\/page"}],"author":[{"embeddable":true,"href":"https:\/\/staging.ljubljanapride.org\/en\/wp-json\/wp\/v2\/users\/13"}],"replies":[{"embeddable":true,"href":"https:\/\/staging.ljubljanapride.org\/en\/wp-json\/wp\/v2\/comments?post=12404"}],"version-history":[{"count":32,"href":"https:\/\/staging.ljubljanapride.org\/en\/wp-json\/wp\/v2\/pages\/12404\/revisions"}],"predecessor-version":[{"id":14521,"href":"https:\/\/staging.ljubljanapride.org\/en\/wp-json\/wp\/v2\/pages\/12404\/revisions\/14521"}],"up":[{"embeddable":true,"href":"https:\/\/staging.ljubljanapride.org\/en\/wp-json\/wp\/v2\/pages\/5388"}],"wp:featuredmedia":[{"embeddable":true,"href":"https:\/\/staging.ljubljanapride.org\/en\/wp-json\/wp\/v2\/media\/12403"}],"wp:attachment":[{"href":"https:\/\/staging.ljubljanapride.org\/en\/wp-json\/wp\/v2\/media?parent=12404"}],"curies":[{"name":"wp","href":"https:\/\/api.w.org\/{rel}","templated":true}]}}